{"id":11,"date":"2024-06-16T12:27:41","date_gmt":"2024-06-16T10:27:41","guid":{"rendered":"https:\/\/www.oer-landesgeschichte-rlp.de\/?page_id=11"},"modified":"2025-06-30T14:37:05","modified_gmt":"2025-06-30T12:37:05","slug":"startseite","status":"publish","type":"page","link":"https:\/\/www.oer-landesgeschichte-rlp.de\/","title":{"rendered":"Das Bildungsportal &#8211; Lehren. Lernen. Forschen."},"content":{"rendered":"\n<div class=\"wp-block-cover alignfull is-light wp-duotone-unset-1\"><img loading=\"lazy\" decoding=\"async\" width=\"2560\" height=\"1707\" class=\"wp-block-cover__image-background wp-image-92\" alt=\"\" src=\"https:\/\/www.oer-landesgeschichte-rlp.de\/wp-content\/uploads\/2024\/06\/DSC_0034-scaled.jpg\" style=\"object-position:16% 38%\" data-object-fit=\"cover\" data-object-position=\"16% 38%\" srcset=\"https:\/\/www.oer-landesgeschichte-rlp.de\/wp-content\/uploads\/2024\/06\/DSC_0034-scaled.jpg 2560w, https:\/\/www.oer-landesgeschichte-rlp.de\/wp-content\/uploads\/2024\/06\/DSC_0034-300x200.jpg 300w, https:\/\/www.oer-landesgeschichte-rlp.de\/wp-content\/uploads\/2024\/06\/DSC_0034-1024x683.jpg 1024w, https:\/\/www.oer-landesgeschichte-rlp.de\/wp-content\/uploads\/2024\/06\/DSC_0034-768x512.jpg 768w, https:\/\/www.oer-landesgeschichte-rlp.de\/wp-content\/uploads\/2024\/06\/DSC_0034-1536x1024.jpg 1536w, https:\/\/www.oer-landesgeschichte-rlp.de\/wp-content\/uploads\/2024\/06\/DSC_0034-2048x1365.jpg 2048w\" sizes=\"auto, (max-width: 2560px) 100vw, 2560px\" \/><span aria-hidden=\"true\" class=\"wp-block-cover__background has-base-background-color has-background-dim-30 has-background-dim\"><\/span><div class=\"wp-block-cover__inner-container is-layout-flow wp-block-cover-is-layout-flow\">\n<p class=\"has-text-align-center has-large-font-size\"><\/p>\n<\/div><\/div>\n\n\n\n<div class=\"wp-block-group alignfull has-background is-layout-flow wp-container-core-group-is-layout-1ada1260 wp-block-group-is-layout-flow\" style=\"background-color:#f2f0e9;padding-right:50px;padding-left:50px\">\n<div style=\"height:70px\" aria-hidden=\"true\" class=\"wp-block-spacer\"><\/div>\n\n\n\n<div class=\"wp-block-columns alignwide are-vertically-aligned-center has-contrast-2-color has-text-color has-link-color wp-elements-b99210049d82adc91626b0929a14253b is-layout-flex wp-container-core-columns-is-layout-a5331a9e wp-block-columns-is-layout-flex\" style=\"padding-top:0;padding-right:0;padding-bottom:0;padding-left:0\">\n<div class=\"wp-block-column is-vertically-aligned-center is-layout-flow wp-block-column-is-layout-flow\" style=\"flex-basis:50%\">\n<h6 class=\"wp-block-heading has-text-align-left has-custom-color-2-color has-text-color has-link-color wp-elements-863ab985668b1ddaaed2c8bd398c112a\" style=\"font-size:clamp(18.959px, 1.185rem + ((1vw - 3.2px) * 1.15), 30px);\"><strong>Das Bildungsportal<\/strong><\/h6>\n<\/div>\n\n\n\n<div class=\"wp-block-column is-vertically-aligned-center is-layout-flow wp-block-column-is-layout-flow\" style=\"flex-basis:50%\">\n<hr class=\"wp-block-separator has-text-color has-css-opacity has-background is-style-wide\" style=\"background-color:#000000;color:#000000\"\/>\n<\/div>\n<\/div>\n\n\n\n<div style=\"height:16px\" aria-hidden=\"true\" class=\"wp-block-spacer\"><\/div>\n\n\n\n<div class=\"wp-block-columns alignwide is-layout-flex wp-container-core-columns-is-layout-28f84493 wp-block-columns-is-layout-flex\">\n<div class=\"wp-block-column is-layout-flow wp-block-column-is-layout-flow\"><\/div>\n\n\n\n<div class=\"wp-block-column is-layout-flow wp-container-core-column-is-layout-055d1954 wp-block-column-is-layout-flow\" style=\"padding-top:0px;padding-right:0;padding-bottom:0px;padding-left:0\">\n<div class=\"wp-block-columns is-layout-flex wp-container-core-columns-is-layout-28f84493 wp-block-columns-is-layout-flex\">\n<div class=\"wp-block-column is-layout-flow wp-block-column-is-layout-flow\" style=\"flex-basis:100%\">\n<p class=\"has-extra-small-font-size\">Das Portal <strong>OER-Landesgeschichte-RLP <\/strong>versteht sich als digitales Angebot f\u00fcr Lehrkr\u00e4fte, MultiplikatorInnen der historisch-politischen Bildung, Jugendliche und (junge) Erwachsene. Offene <strong>Bildungsmaterialien<\/strong> <strong>zum historischen Lernen \u00fcber die Geschichte des heutigen Rheinland-Pfalz<\/strong> werden als <strong>Open Educational Resources <\/strong>(OER) frei zug\u00e4nglich bereitgestellt.<br><br><\/p>\n<\/div>\n<\/div>\n\n\n\n<p class=\"has-extra-small-font-size\">Neben <a href=\"https:\/\/www.oer-landesgeschichte-rlp.de\/index.php\/didaktische-impulse\/\" data-type=\"page\" data-id=\"147\">didaktisch-methodischen Materialien<\/a> und <a href=\"https:\/\/www.oer-landesgeschichte-rlp.de\/index.php\/fachlich-didaktische-kontexte\/\">fachwissenschaftlichen Erl\u00e4uterungen<\/a> findet sich auf dem Portal auch ein <a href=\"https:\/\/www.oer-landesgeschichte-rlp.de\/index.php\/methodenguide\/\">Methodenguide<\/a> mit Scaffolding-Angeboten, die selbstgesteuertes historisches Lernen unterst\u00fctzen. \u00dcber den <strong>Open-Source-Ansatz<\/strong> m\u00f6chte das Bildungsportal zur individuellen Nutzung und Weiterentwicklung der Materialien anregen. Dabei soll<strong> regionalen Quellen und Perspektiven <\/strong>\u00fcber die Aufbereitung gr\u00f6\u00dftenteils nicht erschlossener Archivmaterialien gezielt Sichtbarkeit verschafft werden.<br><br><\/p>\n\n\n\n<p class=\"has-extra-small-font-size\">Als <a href=\"https:\/\/www.oer-landesgeschichte-rlp.de\/index.php\/themenschwerpunkt-wiedergutmachung\/\" data-type=\"page\" data-id=\"145\">erster Themenschwerpunkt<\/a> r\u00fcckt die bisher curricular und in didaktischen Ver\u00f6ffentlichungen noch unterrepr\u00e4sentierte, jedoch zugleich dynamische wie aktuelle <strong>Geschichte der sogenannten <em>Wiedergutmachung<\/em> nationalsozialistischen Unrechts<\/strong> in den Fokus. Perspektivisch ist die&nbsp;fachlich-didaktische Erschlie\u00dfung weiterer Themenschwerpunkte geplant, um das Online-Angebot stetig zu erweitern.<\/p>\n\n\n\n<div style=\"height:20px\" aria-hidden=\"true\" class=\"wp-block-spacer\"><\/div>\n\n\n\n<p><\/p>\n\n\n\n<div class=\"wp-block-file\"><a id=\"wp-block-file--media-51257841-6535-4d21-bb6a-6691c0185412\" href=\"https:\/\/www.oer-landesgeschichte-rlp.de\/wp-content\/uploads\/2025\/06\/Flyer-zum-Bildungsportal-.pdf\">Das Bildungsportal im \u00dcberblick<\/a><a href=\"https:\/\/www.oer-landesgeschichte-rlp.de\/wp-content\/uploads\/2025\/06\/Flyer-zum-Bildungsportal-.pdf\" class=\"wp-block-file__button wp-element-button\" download aria-describedby=\"wp-block-file--media-51257841-6535-4d21-bb6a-6691c0185412\">Herunterladen<\/a><\/div>\n\n\n\n<p class=\"has-extra-small-font-size\"><\/p>\n\n\n\n<div style=\"height:20px\" aria-hidden=\"true\" class=\"wp-block-spacer\"><\/div>\n\n\n\n<details class=\"wp-block-details has-custom-ef-8-c-29-color has-text-color has-link-color wp-elements-e60982612d57da69439dcb486c9ce50b is-layout-flow wp-block-details-is-layout-flow\"><summary>Einladung zum virtuellen Rundgang durch die Website<\/summary>\n<figure class=\"wp-block-video\"><video controls src=\"https:\/\/regionalgeschichte.net\/fileadmin\/user_upload\/Screencast_OER_Webseite.mp4\"><\/video><\/figure>\n<\/details>\n\n\n\n<p class=\"has-extra-small-font-size\"><br><\/p>\n<\/div>\n<\/div>\n\n\n\n<div style=\"margin-top:0;margin-bottom:0;height:40px\" aria-hidden=\"true\" class=\"wp-block-spacer\"><\/div>\n<\/div>\n\n\n\n<div class=\"wp-block-group alignfull has-background is-layout-flow wp-block-group-is-layout-flow\" style=\"background-color:#f2f0e9;padding-right:50px;padding-left:50px\">\n<div style=\"height:70px\" aria-hidden=\"true\" class=\"wp-block-spacer\"><\/div>\n\n\n\n<div class=\"wp-block-columns alignwide are-vertically-aligned-center is-layout-flex wp-container-core-columns-is-layout-e0e4babd wp-block-columns-is-layout-flex\" style=\"padding-right:0;padding-left:0\">\n<div class=\"wp-block-column is-vertically-aligned-center is-layout-flow wp-block-column-is-layout-flow\" style=\"flex-basis:50%\">\n<h6 class=\"wp-block-heading has-custom-color-2-color has-text-color has-link-color wp-elements-761edb8132ad2622dc54492f500d271d\" style=\"font-size:clamp(18.959px, 1.185rem + ((1vw - 3.2px) * 1.15), 30px);\"><strong>Mitwirkende<\/strong><\/h6>\n<\/div>\n\n\n\n<div class=\"wp-block-column is-vertically-aligned-center is-layout-flow wp-block-column-is-layout-flow\" style=\"flex-basis:50%\">\n<hr class=\"wp-block-separator has-text-color has-custom-color-2-color has-alpha-channel-opacity has-custom-color-2-background-color has-background is-style-wide\"\/>\n<\/div>\n<\/div>\n\n\n\n<div class=\"wp-block-columns alignwide is-layout-flex wp-container-core-columns-is-layout-28f84493 wp-block-columns-is-layout-flex\">\n<div class=\"wp-block-column is-layout-flow wp-block-column-is-layout-flow\"><\/div>\n\n\n\n<div class=\"wp-block-column is-layout-flow wp-block-column-is-layout-flow\" style=\"padding-right:0;padding-left:0\">\n<p class=\"has-extra-small-font-size\">Neben <strong>Lehrenden und wissenschaftlichen MitarbeiterInnen des Arbeitsbereichs Geschichtsdidaktik <\/strong>wurden vor allem <strong>Studierende der Geschichte und Geschichtsdidaktik an der Johannes Gutenberg-Universit\u00e4t Mainz<\/strong> in die Konzeption des digitalen OER-Angebots einbezogen. Ihre didaktisch-methodischen Ideen und Archivrecherchen sichtbar zu machen, ist ein wichtiger Grundpfeiler des Bildungsportals.<\/p>\n\n\n\n<p>Die studentisch entstandenen Konzeptionen wurden in einem <strong>Review-Prozess<\/strong> mit Lehrenden der Johannes Gutenberg-Universit\u00e4t redaktionell weiterentwickelt.<\/p>\n\n\n\n<p>Technisch begleitet wurde die digitale Umsetzung des Projekts durch das <strong>Institut f\u00fcr Geschichtliche Landeskunde Rheinland-Pfalz e.V.<\/strong><\/p>\n\n\n\n<details class=\"wp-block-details is-style-arrow-icon-details has-custom-ef-8-c-29-color has-text-color has-link-color wp-elements-674c397f9f13b1e2ec7f8e255249a56b is-layout-flow wp-block-details-is-layout-flow\"><summary>Die Mitwirkenden im \u00dcberblick<\/summary>\n<p class=\"has-custom-color-2-color has-text-color has-link-color wp-elements-23916ad0c88bb93c66ddf75b91be6787\"><strong>Studierende:<\/strong> <\/p>\n\n\n\n<p class=\"has-custom-color-2-color has-text-color has-link-color wp-elements-53de18140edda765bc2d85c91ffe15f5\">Laura Berndroth, Till Diefenbach, Anna D\u00f6tsch, Robert D\u00fcckershoff, Nicolai Eckert, Anna Endner, Nora Groll, Charlotte Hochkirch, Hanna H\u00fclbusch, David Keilmann, Maria Kleemann, Moritz Lill, Till Loh, Luis Felipe Mattos Schwinn, Felix Maskow, Colin M\u00fcnster, Lisa Pflaumer, Rebecca Rasp, David Welsch, Alexandra Wollenweber<\/p>\n\n\n\n<p class=\"has-custom-color-2-color has-text-color has-link-color wp-elements-7ba1e67d91e85e9567b83c22985fce90\"><strong>Team des Arbeitsbereichs Geschichtsdidaktik:<\/strong><\/p>\n\n\n\n<p class=\"has-custom-color-2-color has-text-color has-link-color wp-elements-f5535d07df9595ca139718311ba7eb0e\">Katharina Buchholz, Univ.-Prof. Dr. Meike Hensel-Grobe, Franziska Kaiser<br>Johanna Oppenheimer (Audio-Vertonung, Bilder), Lara Schott-Storch (Bilder)<\/p>\n\n\n\n<p class=\"has-custom-color-2-color has-text-color has-link-color wp-elements-ae7d093befb4eacfe8fd19b868f8f06d\"><strong>Technische Beratung:<\/strong><\/p>\n\n\n\n<p class=\"has-custom-color-2-color has-text-color has-link-color wp-elements-0d2e7d61cf2f7529bfffb3624391d7c3\">Maximilian Wegner (IGL Rheinland-Pfalz)<\/p>\n<\/details>\n<\/div>\n<\/div>\n\n\n\n<div style=\"height:40px\" aria-hidden=\"true\" class=\"wp-block-spacer\"><\/div>\n<\/div>\n\n\n\n<div class=\"wp-block-group alignfull has-background is-layout-flow wp-block-group-is-layout-flow\" style=\"background-color:#f2f0e9;padding-right:50px;padding-left:50px\">\n<div style=\"height:70px\" aria-hidden=\"true\" class=\"wp-block-spacer\"><\/div>\n\n\n\n<div class=\"wp-block-columns alignwide are-vertically-aligned-center is-layout-flex wp-container-core-columns-is-layout-28f84493 wp-block-columns-is-layout-flex\">\n<div class=\"wp-block-column is-vertically-aligned-center is-layout-flow wp-block-column-is-layout-flow\" style=\"flex-basis:50%\">\n<h6 class=\"wp-block-heading\" style=\"font-size:clamp(18.959px, 1.185rem + ((1vw - 3.2px) * 1.15), 30px);\">        <strong>Dank<\/strong><\/h6>\n<\/div>\n\n\n\n<div class=\"wp-block-column is-vertically-aligned-center is-layout-flow wp-block-column-is-layout-flow\" style=\"flex-basis:50%\">\n<hr class=\"wp-block-separator has-text-color has-css-opacity has-background is-style-wide\" style=\"background-color:#000000;color:#000000\"\/>\n<\/div>\n<\/div>\n\n\n\n<div class=\"wp-block-columns alignwide is-layout-flex wp-container-core-columns-is-layout-28f84493 wp-block-columns-is-layout-flex\">\n<div class=\"wp-block-column is-layout-flow wp-block-column-is-layout-flow\"><\/div>\n\n\n\n<div class=\"wp-block-column is-layout-flow wp-block-column-is-layout-flow\">\n<p class=\"has-extra-small-font-size\">Das <strong>hohe Engagement der Studierenden<\/strong> hat ma\u00dfgeblich zur Entstehung des Bildungsportals beigetragen, ihnen geb\u00fchrt an dieser Stelle Dank. Zu danken ist den kooperierenden Archiven und Institutionen, insbesondere dem <strong>rheinland-pf\u00e4lzischen Landesamt f\u00fcr Finanzen &#8211; Amt f\u00fcr Wiedergutmachung in Saarburg<\/strong>, dem <strong>Hessischen Hauptstaatsarchiv in Wiesbaden<\/strong>, der <strong>K\u00f6rber-Stiftung<\/strong> sowie der <strong>Landeszentrale f\u00fcr Politische Bildung Rheinland-Pfalz<\/strong> f\u00fcr die fachliche Expertise und Geduld im Austausch. Den zust\u00e4ndigen <strong>Verlagen und AutorInnen der Fremdtexte<\/strong> sowie den <strong>interviewten Z(w)eitzeugInnen<\/strong> sei f\u00fcr die Freigaben ihrer Beitr\u00e4ge zur Aufnahme in das OER-Material ebenfalls gedankt.<\/p>\n<\/div>\n<\/div>\n\n\n\n<div style=\"height:40px\" aria-hidden=\"true\" class=\"wp-block-spacer\"><\/div>\n<\/div>\n\n\n\n<div style=\"height:70px\" aria-hidden=\"true\" class=\"wp-block-spacer\"><\/div>\n\n\n\n<div class=\"wp-block-columns is-layout-flex wp-container-core-columns-is-layout-28f84493 wp-block-columns-is-layout-flex\">\n<div class=\"wp-block-column is-layout-flow wp-block-column-is-layout-flow\" style=\"flex-basis:100%\">\n<figure class=\"wp-block-gallery alignwide has-nested-images columns-default is-cropped wp-block-gallery-5 is-layout-flex wp-block-gallery-is-layout-flex\">\n<figure class=\"wp-block-image size-large is-style-rounded wp-duotone-unset-3 is-style-rounded--2\"><img loading=\"lazy\" decoding=\"async\" width=\"1024\" height=\"466\" data-id=\"515\" src=\"https:\/\/www.oer-landesgeschichte-rlp.de\/wp-content\/uploads\/2024\/07\/igl_logo@4x-1024x466.png\" alt=\"\" class=\"wp-image-515\" srcset=\"https:\/\/www.oer-landesgeschichte-rlp.de\/wp-content\/uploads\/2024\/07\/igl_logo@4x-1024x466.png 1024w, https:\/\/www.oer-landesgeschichte-rlp.de\/wp-content\/uploads\/2024\/07\/igl_logo@4x-300x136.png 300w, https:\/\/www.oer-landesgeschichte-rlp.de\/wp-content\/uploads\/2024\/07\/igl_logo@4x-768x349.png 768w, https:\/\/www.oer-landesgeschichte-rlp.de\/wp-content\/uploads\/2024\/07\/igl_logo@4x-1536x698.png 1536w, https:\/\/www.oer-landesgeschichte-rlp.de\/wp-content\/uploads\/2024\/07\/igl_logo@4x.png 1568w\" sizes=\"auto, (max-width: 1024px) 100vw, 1024px\" \/><\/figure>\n\n\n\n<figure class=\"wp-block-image aligncenter size-full has-custom-border is-style-default wp-duotone-unset-4\"><img loading=\"lazy\" decoding=\"async\" width=\"1104\" height=\"367\" data-id=\"531\" src=\"https:\/\/www.oer-landesgeschichte-rlp.de\/wp-content\/uploads\/2024\/07\/logo_schriftzug.jpg\" alt=\"\" class=\"wp-image-531\" style=\"border-style:none;border-width:0px;border-radius:0px;object-fit:contain\" srcset=\"https:\/\/www.oer-landesgeschichte-rlp.de\/wp-content\/uploads\/2024\/07\/logo_schriftzug.jpg 1104w, https:\/\/www.oer-landesgeschichte-rlp.de\/wp-content\/uploads\/2024\/07\/logo_schriftzug-300x100.jpg 300w, https:\/\/www.oer-landesgeschichte-rlp.de\/wp-content\/uploads\/2024\/07\/logo_schriftzug-1024x340.jpg 1024w, https:\/\/www.oer-landesgeschichte-rlp.de\/wp-content\/uploads\/2024\/07\/logo_schriftzug-768x255.jpg 768w\" sizes=\"auto, (max-width: 1104px) 100vw, 1104px\" \/><\/figure>\n<\/figure>\n<\/div>\n<\/div>\n\n\n\n<p><\/p>\n\n\n\n<p><\/p>\n","protected":false},"excerpt":{"rendered":"<p>Das Bildungsportal Das Portal OER-Landesgeschichte-RLP versteht sich als digitales Angebot f\u00fcr Lehrkr\u00e4fte, MultiplikatorInnen der historisch-politischen Bildung, Jugendliche und (junge) Erwachsene. Offene Bildungsmaterialien zum historischen Lernen \u00fcber die Geschichte des heutigen Rheinland-Pfalz werden als Open Educational Resources (OER) frei zug\u00e4nglich bereitgestellt. Neben didaktisch-methodischen Materialien und fachwissenschaftlichen Erl\u00e4uterungen findet sich auf dem Portal auch ein Methodenguide mit [&hellip;]<\/p>\n","protected":false},"author":1,"featured_media":0,"parent":0,"menu_order":0,"comment_status":"closed","ping_status":"closed","template":"","meta":{"footnotes":""},"class_list":["post-11","page","type-page","status-publish","hentry"],"_links":{"self":[{"href":"https:\/\/www.oer-landesgeschichte-rlp.de\/index.php\/wp-json\/wp\/v2\/pages\/11","targetHints":{"allow":["GET"]}}],"collection":[{"href":"https:\/\/www.oer-landesgeschichte-rlp.de\/index.php\/wp-json\/wp\/v2\/pages"}],"about":[{"href":"https:\/\/www.oer-landesgeschichte-rlp.de\/index.php\/wp-json\/wp\/v2\/types\/page"}],"author":[{"embeddable":true,"href":"https:\/\/www.oer-landesgeschichte-rlp.de\/index.php\/wp-json\/wp\/v2\/users\/1"}],"replies":[{"embeddable":true,"href":"https:\/\/www.oer-landesgeschichte-rlp.de\/index.php\/wp-json\/wp\/v2\/comments?post=11"}],"version-history":[{"count":132,"href":"https:\/\/www.oer-landesgeschichte-rlp.de\/index.php\/wp-json\/wp\/v2\/pages\/11\/revisions"}],"predecessor-version":[{"id":1952,"href":"https:\/\/www.oer-landesgeschichte-rlp.de\/index.php\/wp-json\/wp\/v2\/pages\/11\/revisions\/1952"}],"wp:attachment":[{"href":"https:\/\/www.oer-landesgeschichte-rlp.de\/index.php\/wp-json\/wp\/v2\/media?parent=11"}],"curies":[{"name":"wp","href":"https:\/\/api.w.org\/{rel}","templated":true}]}}