{"id":161,"date":"2024-06-24T21:56:51","date_gmt":"2024-06-24T19:56:51","guid":{"rendered":"https:\/\/www.oer-landesgeschichte-rlp.de\/?page_id=161"},"modified":"2025-12-22T00:25:10","modified_gmt":"2025-12-21T23:25:10","slug":"literatur","status":"publish","type":"page","link":"https:\/\/www.oer-landesgeschichte-rlp.de\/index.php\/literatur\/","title":{"rendered":"Literatur"},"content":{"rendered":"\n<div class=\"wp-block-cover alignfull is-light wp-duotone-unset-1\" style=\"min-height:431px;aspect-ratio:unset;\"><img loading=\"lazy\" decoding=\"async\" width=\"2560\" height=\"1920\" class=\"wp-block-cover__image-background wp-image-125\" alt=\"\" src=\"https:\/\/www.oer-landesgeschichte-rlp.de\/wp-content\/uploads\/2024\/06\/IMG_4777-scaled.jpg\" style=\"object-position:73% 0%\" data-object-fit=\"cover\" data-object-position=\"73% 0%\" srcset=\"https:\/\/www.oer-landesgeschichte-rlp.de\/wp-content\/uploads\/2024\/06\/IMG_4777-scaled.jpg 2560w, https:\/\/www.oer-landesgeschichte-rlp.de\/wp-content\/uploads\/2024\/06\/IMG_4777-300x225.jpg 300w, https:\/\/www.oer-landesgeschichte-rlp.de\/wp-content\/uploads\/2024\/06\/IMG_4777-1024x768.jpg 1024w, https:\/\/www.oer-landesgeschichte-rlp.de\/wp-content\/uploads\/2024\/06\/IMG_4777-768x576.jpg 768w, https:\/\/www.oer-landesgeschichte-rlp.de\/wp-content\/uploads\/2024\/06\/IMG_4777-1536x1152.jpg 1536w, https:\/\/www.oer-landesgeschichte-rlp.de\/wp-content\/uploads\/2024\/06\/IMG_4777-2048x1536.jpg 2048w\" sizes=\"auto, (max-width: 2560px) 100vw, 2560px\" \/><span aria-hidden=\"true\" class=\"wp-block-cover__background has-background-dim-30 has-background-dim\" style=\"background-color:#928b82\"><\/span><div class=\"wp-block-cover__inner-container is-layout-flow wp-block-cover-is-layout-flow\">\n<h6 class=\"wp-block-heading has-text-align-center has-base-color has-text-color has-link-color has-large-font-size wp-elements-1fa5943500773fa55c7fcb830ba41acb\"><strong>Literaturangaben zu den zitierten Werken<\/strong><\/h6>\n<\/div><\/div>\n\n\n\n<div style=\"height:21px\" aria-hidden=\"true\" class=\"wp-block-spacer\"><\/div>\n\n\n\n<ul class=\"wp-block-list\">\n<li>Baumann, Stefanie Michaela: Menschenversuche und Wiedergutmachung. Der lange Streit um Entsch\u00e4digung und Anerkennung der Opfer nationalsozialistischer Humanexperimente. M\u00fcnchen 2009 (Schriftenreihe der Vierteljahrshefte f\u00fcr Zeitgeschichte, Bd. 98).<\/li>\n\n\n\n<li>Brechtgen, Magnus: \u201eVergangenheitsaufarbeitung\u201c. Formen der Auseinandersetzung mit dem Nationalsozialismus, in: Praxis Geschichte 1 (2023), S. 4-9.<\/li>\n\n\n\n<li>Brechtgen, Magnus: Aufarbeitung des Nationalsozialismus. Ein Kompendium. G\u00f6ttingen 2021.<\/li>\n\n\n\n<li>Brunner, Jos\u00e9\/ Frei, Norbert\/ Goschler, Constantin: Komplizierte Lernprozesse. Zur Geschichte und Aktualit\u00e4t der Wiedergutmachung, in: Frei, Norbert\/ Brunner, Jos\u00e9\/ Goschler, Constantin (Hrsg.): Die Praxis der Wiedergutmachung. Geschichte, Erfahrung und Wirkung in Deutschland und Israel. G\u00f6ttingen 2009 (Beitr\u00e4ge zur Geschichte des 20. Jahrhunderts, Bd. 8; Schriftenreihe des Minerva Instituts f\u00fcr deutsche Geschichte der Universit\u00e4t Tel Aviv, Bd. 28), S. 9\u201347.<\/li>\n\n\n\n<li>Conrad, Franziska: \u201eBew\u00e4ltigung\u201c und \u201eWiedergutmachung\u201c? Zum Umgang mit den Folgen der nationalsozialistischen Diktatur in der Bundesrepublik, in: Geschichte lernen 20\/119 (2007), S. 2\u201312.<\/li>\n\n\n\n<li>Danker, Uwe\/&nbsp;Schwabe, Astrid (Hrsg.): Die NS-Volksgemeinschaft. Zeitgen\u00f6ssische Verhei\u00dfung, analytisches Konzept und ein Schl\u00fcssel zum historischen Lernen? G\u00f6ttingen 2017 (Beihefte zur Zeitschrift f\u00fcr Geschichtsdidaktik, Bd. 13.<\/li>\n\n\n\n<li>Eichler, Volker: Entsch\u00e4digungsakten \u2013 Zeitgeschichtliche Bedeutung und M\u00f6glichkeiten der Erschlie\u00dfung, in: Degreif, Diether (Red.): Vom Findbuch zum Internet. Erschlie\u00dfung von Archivgut vor neuen Herausforderungen. Referate des 68. Deutschen Archivtags 1997 in Ulm. Siegburg 1998 (Der Archivar, Beiband 3), S. 221\u2013229.<\/li>\n\n\n\n<li>Eitz, Thorsten\/ St\u00f6tzel, Georg: W\u00f6rterbuch der \u201eVergangenheitsbew\u00e4ltigung\u201c. Die NS-Vergangenheit im \u00f6ffentlichen Sprachgebrauch. Hildesheim 2007.<\/li>\n\n\n\n<li>Forster, David: \u201eWiedergutmachung\u201c in \u00d6sterreich und der BRD im Vergleich. Innsbruck\/ Wien\/ M\u00fcnchen 2001.<\/li>\n\n\n\n<li>Frei, Norbert\/ Brunner, Jos\u00e9\/ Goschler, Constantin (Hrsg.): Die Praxis der Wiedergutmachung. Geschichte, Erfahrung und Wirkung in Deutschland und Israel. G\u00f6ttingen 2009 (Beitr\u00e4ge zur Geschichte des 20. Jahrhunderts, Bd. 8; Schriftenreihe des Minerva Instituts f\u00fcr deutsche Geschichte der Universit\u00e4t Tel Aviv, Bd. 28).<\/li>\n\n\n\n<li>Goschler, Constantin: Diskurse und Praktiken der Wiedergutmachungs- und Entsch\u00e4digungspolitik in Ost und West, in: Homberg, Manuela\/ Homberg, Michael (Hrsg.): Deutungsk\u00e4mpfe \u2013 die \u201ezweite Geschichte\u201c des Nationalsozialismus. Frankfurt am Main 2024, S. 79\u201397.<\/li>\n\n\n\n<li>Goschler, Constantin: Schuld und Schulden. Die Politik der Wiedergutmachung f\u00fcr NS-Verfolgte seit 1945. G\u00f6ttingen 2005 (Beitr\u00e4ge zur Geschichte des 20. Jahrhunderts, Bd. 111), S. 61\u2013124.<\/li>\n\n\n\n<li>Grau, Bernhard: Entsch\u00e4digungs- und R\u00fcckerstattungsakten als neue Quelle der Zeitgeschichtsforschung am Beispiel Bayerns, in: zeitenblicke 3\/2 (2004), o. S.<\/li>\n\n\n\n<li>Grumblies, Florian: R\u00fcckerstattung und Entsch\u00e4digung. Die Praxis der \u201eWiedergutmachung\u201c nationalsozialistischen Unrechts am Beispiel der Juden der Stadt Hannover 1945\u20131965<em>.<\/em>&nbsp;Hannover 2021.<\/li>\n\n\n\n<li>Hartmann, Deborah: Geschichte und Gegenwart, eine komplexe Beziehung. J\u00fcdische Perspektiven und Verbindungslinien zur historischen Erfahrung der Shoah, in: Bildung und Erziehung 73 (2020) (Holocaust Education in der Migrationsgesellschaft), S. 242 \u2013 258.<\/li>\n\n\n\n<li>Hense, Anja: Verhinderte Entsch\u00e4digung \u2013 die Entstehung der Stiftung \u201eErinnerung, Verantwortung und Zukunft\u201c f\u00fcr die Opfer von NS-Zwangsarbeit und \u201eArisierung\u201c. M\u00fcnster 2008.<\/li>\n\n\n\n<li>Herbst, Ludolf\/ Goschler, Constantin (Hrsg.): Wiedergutmachung in der Bundesrepublik Deutschland. M\u00fcnchen 1989 (Schriftenreihe der Vierteljahreshefte f\u00fcr Zeitgeschichte. Sondernummer).<\/li>\n\n\n\n<li>He\u00dfd\u00f6rfer, Karl: Die finanzielle Dimension, in: Herbst, Ludolf\/ Goschler, Constantin (Hrsg.): Wiedergutmachung in der Bundesrepublik Deutschland. M\u00fcnchen 1989 (Schriftenreihe der Vierteljahreshefte f\u00fcr Zeitgeschichte. Sondernummer), S. 55\u201359.<\/li>\n\n\n\n<li>Hockerts, Hans G\u00fcnter: Wiedergutmachung in Deutschland 1945\u20131990. Ein \u00dcberblick\u2018., in: ApuZ \u2013 Aus Politik und Zeitgeschichte 25\u201326 (2013).<\/li>\n\n\n\n<li>Hockerts, Hans G\u00fcnter [u. a.] (Hrsg.): Wiedergutmachung. Ein umstrittener Begriff und ein weites Feld, in: Hockerts, Hans G\u00fcnter\/ Kuller, Christiane (Hrsg.): Nach der Verfolgung. Wiedergutmachung nationalsozialistischen Unrechts in Deutschland. G\u00f6ttingen 2003.<\/li>\n\n\n\n<li>Hockerts, Hans G\u00fcnter: Wiedergutmachung in Deutschland. Eine historische Bilanz 1945\u20132000, in: Vierteljahrshefte f\u00fcr Zeitgeschichte 49 (2001), S. 167\u2013214.<\/li>\n\n\n\n<li>Homberg, Manuela\/ Homberg, Michael: Umk\u00e4mpfte Vergangenheit. Perspektiven einer \u201ezweiten Geschichte\u201c des Nationalsozialismus f\u00fcr Geschichtswissenschaft, Unterricht und Public History, in: Homberg, Manuela\/ Homberg, Michael (Hrsg.): Deutungsk\u00e4mpfe \u2013 die \u201ezweite Geschichte\u201c des Nationalsozialismus. Frankfurt am Main 2024, S. 7\u201330.<\/li>\n\n\n\n<li>Homberg, Manuela\/ Homberg, Michael (Hrsg.): Deutungsk\u00e4mpfe \u2013 die \u201ezweite Geschichte\u201c des Nationalsozialismus. Frankfurt am Main 2024.<\/li>\n\n\n\n<li>Hudemann, Rainer: Anf\u00e4nge der Wiedergutmachung. Franz\u00f6sische Besatzungszone 1945\u20131950, in: Geschichte und Gesellschaft 13 (1987), S.&nbsp;181\u2013216.<\/li>\n\n\n\n<li>Irmer, Thomas: Wiedergutmachung, in: Benz, Wolfgang (Hrsg.): Handbuch des Antisemitismus. Judenfeindschaft in Geschichte und Gegenwart, Bd.&nbsp;4: Ereignisse, Dekrete, Kontroversen. Berlin\/Boston 2011, S. 435\u2013438.<\/li>\n\n\n\n<li>John, Anke: Die Region \u2013 Eine Ma\u00dfstabsgr\u00f6\u00dfe historischen Lernens?, in: Reitemeier, Arndt (Hrsg.): Landesgeschichte und public history. Ostfildern 2020, S. 59-75.<\/li>\n\n\n\n<li>Jahr, Christoph: Antisemitismus vor Gericht. Debatten \u00fcber die juristische Ahndung judenfeindlicher Agitation in Deutschland (1879\u20131960). Frankfurt am Main 2011.<\/li>\n\n\n\n<li>John, Anke: Lokal- und Regionalgeschichte. Frankfurt am Main 2017.<\/li>\n\n\n\n<li>Kreikamp, Hans-Dieter: Zur Entstehung des Entsch\u00e4digungsgesetztes der amerikanischen Besatzungszone, in: Herbst, Ludolf\/ Goschler, Constantin (Hrsg.): Wiedergutmachung in der Bundesrepublik Deutschland. M\u00fcnchen 1989 (Schriftenreihe der Vierteljahreshefte f\u00fcr Zeitgeschichte. Sondernummer), S. 61\u201375.<\/li>\n\n\n\n<li>L\u00f6ffler, Emily\/ zur M\u00fchlen, Ilse von: Wiedergutmachungsakten als Quellen f\u00fcr die Provenienzforschung \u2013 Erfahrungen und Perspektiven, o. D., S. 1\u201310.<\/li>\n\n\n\n<li>Mierwald, Marcel:&nbsp;Historisches Argumentieren und epistemologische \u00dcberzeugungen. Eine Interventionsstudie zur Wirkung von Lernmaterialien im Sch\u00fclerlabor. Wiesbaden 2020 (Empirische Forschung in den gesellschaftswissenschaftlichen Fachdidaktiken).<\/li>\n\n\n\n<li>zur Nieden, Susanne: Unw\u00fcrdige Opfer. Die Aberkennung von NS-Verfolgten in Berlin 1945 bis 1949. Berlin 2003.<\/li>\n\n\n\n<li>Niethammer, Lutz: \u201eWieder \u2013 gut \u2013 machung\u201c als Beitrag zur deutschen Erinnerungskultur, in: Kenkmann, Alfons [u. a.] (Hrsg.): Wiedergutmachung als Aufgabe. Essen 2007, S. 283\u2013294.<\/li>\n\n\n\n<li>Scharffenberg, Heiko: Sieg der Sparsamkeit: Die Wiedergutmachung nationalsozialistischen Unrechts in Schleswig-Holstein. M\u00fcnster 2004.<\/li>\n\n\n\n<li>Schmidt, Hans-Gerhard: Entsch\u00e4digung f\u00fcr NS-Unrecht ohne Wiedergutmachung? Sozialstaatliche Schadensregulierung f\u00fcr Verfolgte des Nationalsozialismus in Bremen. Bremen 2023.<\/li>\n\n\n\n<li>Schmidt, Christoph: Empfehlungen der ARK-Bund-L\u00e4nder-Arbeitsgruppe \u201eWiedergutmachung\u201c, in: Archivar 63 (2010), S. 316\u2013318.<\/li>\n\n\n\n<li>Schwarz, Walter: Die Wiedergutmachung nationalsozialistischen Unrechts durch die Bundesrepublik. Ein \u00dcberblick, in: Herbst, Ludolf\/ Goschler, Constantin (Hrsg.): Wiedergutmachung in der Bundesrepublik Deutschland. M\u00fcnchen 1989 (Schriftenreihe der Vierteljahreshefte f\u00fcr Zeitgeschichte. Sondernummer), S. 33\u201354.<\/li>\n\n\n\n<li>Thonke, Christian: Hitlers langer Schatten. Der m\u00fchevolle Weg zur Entsch\u00e4digung der NS-Opfer. Wien 2004.<\/li>\n\n\n\n<li>T\u00fcmmers, Henning: Nach Verfolgung und Vernichtung. Das Dritte Reich und die Deutschen nach 1945. Stuttgart 2021.<\/li>\n\n\n\n<li>Th\u00fcnemann, Holger\/ K\u00f6ster, Manuel (Hrsg.): Geschichtskulturelle Transformationen.&nbsp;Kontroversen, Akteure, Zeitpraktiken. Weimar 2024.<\/li>\n\n\n\n<li>van Bebber, Katharina: Wiedergutgemacht? Die Entsch\u00e4digung f\u00fcr Opfer der nationalsozialistischen Verfolgung nach dem Bundeserg\u00e4nzungsgesetz durch die Entsch\u00e4digungsgerichte im OLG-Bezirk Hamm.&nbsp;Berlin 2001.<\/li>\n\n\n\n<li>Winstel, Tobias: Verhandelte Gerechtigkeit. R\u00fcckerstattung und Entsch\u00e4digung f\u00fcr j\u00fcdische NS-Opfer in Bayern und Westdeutschland.&nbsp;M\u00fcnchen 2006.<\/li>\n\n\n\n<li>Ziwes, Franz-Josef: \u201eUnrecht nach Kr\u00e4ften wiedergutzumachen\u201c. Die Wiedergutmachung in W\u00fcrttemberg-Hohenzollern im Spiegel der \u00dcberlieferung des Staatsarchivs Sigmaringen. Dr. Otto Becker zum 65.&nbsp;Geburtstag, in: Zeitschrift f\u00fcr Hohenzollerische Geschichte 43 (2007), S. 261\u2013274.<\/li>\n<\/ul>\n\n\n\n<ul class=\"wp-block-list\">\n<li>Das Archivierungsprojekt der Wiedergutmachung und seine Bedeutung im Kampf gegen den Antisemitismus. Monatsbericht des Bundesministeriums f\u00fcr Finanzen (Januar 2021), online verf\u00fcgbar unter:&nbsp;<a href=\"https:\/\/www.bundesfinanzministerium.de\/Monatsberichte\/2021\/01\/Inhalte\/Kapitel-3-Analysen\/3-7-archivierungsprojekt-wiedergutmachung.html\">https:\/\/www.bundesfinanzministerium.de\/Monatsberichte\/2021\/01\/Inhalte\/Kapitel-3-Analysen\/3-7-archivierungsprojekt-wiedergutmachung.html<\/a>&nbsp;&nbsp;(aufgerufen am 21.06.2024), S. 76\u201377.<\/li>\n<\/ul>\n\n\n\n<ul class=\"wp-block-list\">\n<li>ARK-Bund-L\u00e4nder-Arbeitsgruppe \u201eWiedergutmachung\u201c:&nbsp;Abschlussbericht der ARK-Bund-L\u00e4nder-Arbeitsgruppe&nbsp;\u201eWiedergutmachung\u201c. D\u00fcsseldorf 2009, URL:&nbsp;https:\/\/www.bundesarchiv.de\/DE\/Content\/Downloads\/KLA\/wiedergutmachung-abschlussbericht.pdf?__blob=publicationFile&nbsp;(aufgerufen&nbsp;am 14.05.2024).<\/li>\n<\/ul>\n\n\n\n<ul class=\"wp-block-list\">\n<li>ARK-Bund-L\u00e4nder-Arbeitsgruppe \u201eWiedergutmachung\u201c: \u00dcbersicht \u00fcber die \u00dcberlieferung und Rechtsgrundlagen zur Wiedergutmachung&nbsp;nationalsozialistischen Unrechts in der Bundesrepublik Deutschland in den staatlichen Archiven. D\u00fcsseldorf 2010, URL:&nbsp;https:\/\/www.bundesarchiv.de\/DE\/Content\/Downloads\/KLA\/wiedergutmachung-dokumentation.pdf?__blob=publicationFile (aufgerufen am 10.8.2023).<\/li>\n<\/ul>\n\n\n\n<ul class=\"wp-block-list\">\n<li>Bundesfinanzministerium: Bundesfinanzministerium \u2013 Themenportal Wiedergutmachung, URL:&nbsp;<a href=\"https:\/\/www.bundesfinanzministerium.de\/Content\/DE\/Standardartikel\/Themen\/Oeffentliche_Finanzen\/Vermoegensrecht_und_Entschaedigungen\/themenportal-wiedergutmachung.html\">https:\/\/www.bundesfinanzministerium.de\/Content\/DE\/Standardartikel\/Themen\/Oeffentliche_Finanzen\/Vermoegensrecht_und_Entschaedigungen\/themenportal-wiedergutmachung.html<\/a>&nbsp;(aufgerufen&nbsp;am 14.05.2024).<\/li>\n<\/ul>\n\n\n\n<ul class=\"wp-block-list\">\n<li><a href=\"https:\/\/www.forschungsstelle-seal.de\/projekte\/wiedergutmachung\/\">https:\/\/www.forschungsstelle-seal.de\/projekte\/wiedergutmachung\/<\/a>&nbsp;(aufgerufen am 22.06.2024).<\/li>\n<\/ul>\n\n\n\n<ul class=\"wp-block-list\">\n<li>Ziwes, Franz-Josef: Entsch\u00e4digungsakten\/Wiedergutmachungsakten, in: S\u00fcdwestdeutsche Archivalienkunde, Stand: 23.05.2017, URL: https:\/\/www.leo-bw.de\/themenmodul\/sudwestdeutsche-archivalienkunde\/archivaliengattungen\/akten\/inhaltliche-unterscheidung\/entschadigungs-und-wiedergutmachungsakten (aufgerufen am 01.09.2023).<br><br><\/li>\n<\/ul>\n\n\n\n<div style=\"height:21px\" aria-hidden=\"true\" class=\"wp-block-spacer\"><\/div>\n\n\n\n<hr class=\"wp-block-separator has-alpha-channel-opacity\"\/>\n\n\n\n<div style=\"height:21px\" aria-hidden=\"true\" class=\"wp-block-spacer\"><\/div>\n\n\n\n<h4 class=\"wp-block-heading has-text-align-center\"><strong>Weiterf\u00fchrende Literatur und Links zum Thema&nbsp;<\/strong><\/h4>\n\n\n\n<div style=\"height:20px\" aria-hidden=\"true\" class=\"wp-block-spacer\"><\/div>\n\n\n\n<ul class=\"wp-block-list\">\n<li>Blessin, Georg:&nbsp;Die Rechtsverordnungen zum Bundesentsch\u00e4digungsgesetz. M\u00fcnchen 1955.&nbsp;<\/li>\n\n\n\n<li>Brodesser, Hermann-Josef\/ Fehn, Bernd Josef\/ Franosch, Tilo\/ Wirth, Wilfried: Wiedergutmachung und Kriegsfolgenliquidation. Geschichte \u2013 Regelungen \u2013 Zahlungen. M\u00fcnchen 2000.<\/li>\n\n\n\n<li>De Vries, Malte: Entsch\u00e4digungsakten (Wiedergutmachungsakten), in: Hoffmann, Kirsten; Homa, Bernhard; R\u00fcgge, Nicolas (Hrsg.): Personenbezogene Unterlagen zur NS-Zeit und ihren Folgen im Nieders\u00e4chsischen Landesarchiv. Hannover 2023, S. 88-97.<\/li>\n\n\n\n<li>Fritsche, Christiane\/ Paulmann, Johannes (Hrsg.): \u201eArisierung\u201c und \u201eWiedergutmachung\u201c in deutschen St\u00e4dten. K\u00f6ln\/ Weimar\/ Wien 2014.<\/li>\n\n\n\n<li>Fritsche, Christiane: Ausgepl\u00fcndert, zur\u00fcckerstattet und entsch\u00e4digt. Arisierung und Wiedergutmachung in Mannheim.&nbsp;Ubstadt-Weiher [u. a.] 2013.&nbsp;<\/li>\n\n\n\n<li>Goschler, Constantin: Der Umgang mit den Opfern des Nationalsozialismus in&nbsp;Deutschland nach 1945, in: Heydemann, G\u00fcnther\/ Vollnhals, Clemens (Hrsg.): Nach den Diktaturen. Der Umgang mit den Opfern in Europa. G\u00f6ttingen\/ Bristol, Connecticut 2016 (Schriften des Hannah-Arendt-Instituts f\u00fcr Totalitarismusforschung, Bd. 59), S. 27\u201345.<\/li>\n\n\n\n<li>Hockerts, G\u00fcnter\/ Moisel, Claudia\/ Winstel, Tobias: (Hrsg.): Grenzen der Wiedergutmachung. Die Entsch\u00e4digung f\u00fcr NS-Verfolgte in West- und Osteuropa 1945-2000. G\u00f6ttingen 2006.<\/li>\n\n\n\n<li>Ki\u00dfener, Michael; Roth, Andreas: Justiz im Umbruch. Die Geschichte des Bundesgerichtshofes 1950-1965. Berlin 2025.<\/li>\n\n\n\n<li>Landesarchivverwaltung Rheinland-Pfalz (Hrsg.): Verfolgung und Verwaltung. Enteignung und R\u00fcckerstattung j\u00fcdischen Verm\u00f6gens im Gebiet des heutigen Rheinland-Pfalz 1938\u20131953. Begleitheft zur Ausstellung. Eine Ausstellung des Landeshauptarchivs Koblenz in Verbindung mit der Wanderausstellung \u201eVerfolgung und Verwaltung\u201c der Villa ten Hompel M\u00fcnster und Oberfinanzdirektion M\u00fcnster. 23. November 2001\u201318. Januar 2002 im Bundesarchiv in Koblenz. Koblenz 2002.<\/li>\n\n\n\n<li>Landesbildungsserver Baden-W\u00fcrttemberg: R\u00fcckerstattung und Wiedergutmachung am Beispiel Mannheims, URL:&nbsp;<a href=\"https:\/\/www.schule-bw.de\/faecher-und-schularten\/gesellschaftswissenschaftliche-und-philosophische-faecher\/geschichte\/unterrichtsmaterialien\/sekundarstufe-II\/dnach1945\/wiedergutmachung\">https:\/\/www.schule-bw.de\/faecher-und-schularten\/gesellschaftswissenschaftliche-und-philosophische-faecher\/geschichte\/unterrichtsmaterialien\/sekundarstufe-II\/dnach1945\/wiedergutmachung<\/a>&nbsp;(aufgerufen am 10.8.2023).<\/li>\n\n\n\n<li>Lillteicher, J\u00fcrgen: Raub, Recht und Restitution. Die R\u00fcckerstattung j\u00fcdischen Eigentums in der fr\u00fchen Bundesrepublik. G\u00f6ttingen 2007.&nbsp;&nbsp;<\/li>\n\n\n\n<li>Leder, Bettina\/ Schneider, Christoph\/ Stengel, Katharina: Ausgepl\u00fcndert und verwaltet. Geschichten vom legalisierten Raub an Juden in Hessen. Berlin 2018.<\/li>\n\n\n\n<li>Unfried, Berthold: Vergangenes Unrecht. Entsch\u00e4digung und Restitution in einer globalen Perspektive. G\u00f6ttingen 2014.<\/li>\n\n\n\n<li>Reichel, Peter: Vergangenheitsbew\u00e4ltigung in Deutschland. Die Auseinandersetzung mit der NS-Diktatur von 1945 bis heute. M\u00fcnchen 2001.&nbsp;<\/li>\n\n\n\n<li class=\"has-medium-font-size\">Reimesch, Christian: Vergessene Opfer des Nationalsozialismus? Zur Entsch\u00e4digung von Homosexuellen, Kriegsdienstverweigerern, Sinti und Roma und Kommunisten in der Bundesrepublik Deutschland. Berlin 2003.<\/li>\n\n\n\n<li class=\"has-medium-font-size\">R\u00fcckerl, Adalbert: NS-Verbrechen vor Gericht. Versuch einer Vergangenheitsbew\u00e4ltigung. Heidelberg&nbsp;1984 (Recht &#8211; Justiz \u2013 Zeitgeschehen, Bd. 36).<\/li>\n\n\n\n<li>Rummel, Walter\/ Rath, Jochen (Bearb.): \u201eDem Reich verfallen\u201c \u2013 Enteignung und R\u00fcckerstattung j\u00fcdischen Verm\u00f6gens im Gebiet des heutigen Rheinland-Pfalz 1938\u20131953. Koblenz 2001 (Ver\u00f6ffentlichungen der Landesarchivverwaltung Rheinland-Pfalz, Bd. 96).<\/li>\n\n\n\n<li>Rummel, Walter\/Rath, Jochen\/Wei\u00df, Petra: Die nationalsozialistische Judenverfolgung im Gebiet des heutigen Rheinland-Pfalz. Eine Quellensammlung zur Entrechtung, Enteignung und Deportation der Juden und den Anf\u00e4ngen der &#8222;Wiedergutmachung\u201c, 2002.<\/li>\n\n\n\n<li>Rummel, Walter\/Rath, Jochen\/Wei\u00df, Petra (Hrsg.):&nbsp;Verfolgung und Verwaltung, Enteignung und R\u00fcckerstattung j\u00fcdischen Verm\u00f6gens im Gebiet des heutigen Rheinland-Pfalz 1938\u20131953. Begleitheft zur Ausstellung; eine Ausstellung des Landeshauptarchivs Koblenz in Verbindung mit der Wanderausstellung &#8222;Verfolgung und Verwaltung&#8220; der Villa ten Hompel M\u00fcnster und der Oberfinanzdirektion M\u00fcnster, 23. November 2001 bis 18. Januar 2002 im Bundesarchiv Koblenz, 2001.<\/li>\n\n\n\n<li>Rummel, Walter: Akten der &#8218;Betreuungsstellen f\u00fcr die Opfer des Faschismus&#8216;, 2011<\/li>\n\n\n\n<li>Schnitzler, Thomas: Die Zwangssterilisationsopfer der Provinzial-Taubstummen-Anstalt Trier. Aufarbeitung von Einzelschicksalen und die Durchsetzung der NS-Eugenik gegen Geh\u00f6rlose. Unter Ber\u00fccksichtigung der Entsch\u00e4digungs- und Wiedergutmachungsproblematik in der Bundesrepublik. Nordhausen 2019.<\/li>\n\n\n\n<li>Schwarz, Walter: Die Wiedergutmachung nationalsozialistischen Unrechts durch die Bundesrepublik. Ein \u00dcberblick, in: Herbst, Ludolf\/ Goschler, Constantin (Hrsg.): Wiedergutmachung in der&nbsp;Bundesrepublik Deutschland. M\u00fcnchen 1989 (Schriftenreihe der Vierteljahreshefte f\u00fcr Zeitgeschichte. Sondernummer), S. 33\u201354.<\/li>\n<\/ul>\n\n\n\n<p>siehe auch die Webpr\u00e4senz der Landesarchivverwaltung Rheinland-Pfalz:<a href=\"https:\/\/lav.rlp.de\/geschichte-entdecken\/aktuelle-themen\/wiedergutmachung\"> https:\/\/lav.rlp.de\/geschichte-entdecken\/aktuelle-themen\/verschickungskinder\/leg-wiedergutmachungsakten\/geschichte-der-wiedergutmachung-in-rlp<\/a><\/p>\n\n\n\n<p><\/p>\n","protected":false},"excerpt":{"rendered":"<p>Weiterf\u00fchrende Literatur und Links zum Thema&nbsp; siehe auch die Webpr\u00e4senz der Landesarchivverwaltung Rheinland-Pfalz: https:\/\/lav.rlp.de\/geschichte-entdecken\/aktuelle-themen\/verschickungskinder\/leg-wiedergutmachungsakten\/geschichte-der-wiedergutmachung-in-rlp<\/p>\n","protected":false},"author":2,"featured_media":0,"parent":0,"menu_order":0,"comment_status":"closed","ping_status":"closed","template":"","meta":{"footnotes":""},"class_list":["post-161","page","type-page","status-publish","hentry"],"_links":{"self":[{"href":"https:\/\/www.oer-landesgeschichte-rlp.de\/index.php\/wp-json\/wp\/v2\/pages\/161","targetHints":{"allow":["GET"]}}],"collection":[{"href":"https:\/\/www.oer-landesgeschichte-rlp.de\/index.php\/wp-json\/wp\/v2\/pages"}],"about":[{"href":"https:\/\/www.oer-landesgeschichte-rlp.de\/index.php\/wp-json\/wp\/v2\/types\/page"}],"author":[{"embeddable":true,"href":"https:\/\/www.oer-landesgeschichte-rlp.de\/index.php\/wp-json\/wp\/v2\/users\/2"}],"replies":[{"embeddable":true,"href":"https:\/\/www.oer-landesgeschichte-rlp.de\/index.php\/wp-json\/wp\/v2\/comments?post=161"}],"version-history":[{"count":19,"href":"https:\/\/www.oer-landesgeschichte-rlp.de\/index.php\/wp-json\/wp\/v2\/pages\/161\/revisions"}],"predecessor-version":[{"id":2007,"href":"https:\/\/www.oer-landesgeschichte-rlp.de\/index.php\/wp-json\/wp\/v2\/pages\/161\/revisions\/2007"}],"wp:attachment":[{"href":"https:\/\/www.oer-landesgeschichte-rlp.de\/index.php\/wp-json\/wp\/v2\/media?parent=161"}],"curies":[{"name":"wp","href":"https:\/\/api.w.org\/{rel}","templated":true}]}}