{"id":187,"date":"2024-06-24T22:17:37","date_gmt":"2024-06-24T20:17:37","guid":{"rendered":"https:\/\/www.oer-landesgeschichte-rlp.de\/?page_id=187"},"modified":"2025-03-28T10:53:14","modified_gmt":"2025-03-28T09:53:14","slug":"doing-history","status":"publish","type":"page","link":"https:\/\/www.oer-landesgeschichte-rlp.de\/index.php\/methodenguide\/doing-history\/","title":{"rendered":"Methodenguide"},"content":{"rendered":"\n<div class=\"wp-block-cover alignfull is-light wp-duotone-unset-1\" style=\"min-height:431px;aspect-ratio:unset;\"><span aria-hidden=\"true\" class=\"wp-block-cover__background has-background-dim-40 has-background-dim\" style=\"background-color:#947e69\"><\/span><img loading=\"lazy\" decoding=\"async\" width=\"2560\" height=\"1707\" class=\"wp-block-cover__image-background wp-image-95\" alt=\"\" src=\"https:\/\/www.oer-landesgeschichte-rlp.de\/wp-content\/uploads\/2024\/06\/DSC_0011-scaled.jpg\" style=\"object-position:50% 37%\" data-object-fit=\"cover\" data-object-position=\"50% 37%\" srcset=\"https:\/\/www.oer-landesgeschichte-rlp.de\/wp-content\/uploads\/2024\/06\/DSC_0011-scaled.jpg 2560w, https:\/\/www.oer-landesgeschichte-rlp.de\/wp-content\/uploads\/2024\/06\/DSC_0011-300x200.jpg 300w, https:\/\/www.oer-landesgeschichte-rlp.de\/wp-content\/uploads\/2024\/06\/DSC_0011-1024x683.jpg 1024w, https:\/\/www.oer-landesgeschichte-rlp.de\/wp-content\/uploads\/2024\/06\/DSC_0011-768x512.jpg 768w, https:\/\/www.oer-landesgeschichte-rlp.de\/wp-content\/uploads\/2024\/06\/DSC_0011-1536x1024.jpg 1536w, https:\/\/www.oer-landesgeschichte-rlp.de\/wp-content\/uploads\/2024\/06\/DSC_0011-2048x1365.jpg 2048w\" sizes=\"auto, (max-width: 2560px) 100vw, 2560px\" \/><div class=\"wp-block-cover__inner-container has-global-padding is-layout-constrained wp-block-cover-is-layout-constrained\">\n<p class=\"has-text-align-center has-large-font-size\"><\/p>\n<\/div><\/div>\n\n\n\n<div style=\"height:19px\" aria-hidden=\"true\" class=\"wp-block-spacer\"><\/div>\n\n\n\n<div class=\"wp-block-group alignfull has-base-2-background-color has-background has-global-padding is-layout-constrained wp-container-core-group-is-layout-d89aad35 wp-block-group-is-layout-constrained\" style=\"margin-top:0;margin-bottom:0;padding-top:var(--wp--preset--spacing--50);padding-right:var(--wp--preset--spacing--50);padding-bottom:var(--wp--preset--spacing--50);padding-left:var(--wp--preset--spacing--50)\">\n<div class=\"wp-block-columns alignwide is-layout-flex wp-container-core-columns-is-layout-549b0c86 wp-block-columns-is-layout-flex\">\n<div class=\"wp-block-column has-global-padding is-content-justification-left is-layout-constrained wp-container-core-column-is-layout-4f15e8fe wp-block-column-is-layout-constrained\" style=\"flex-basis:40%\">\n<p>Methodenguide &#8211; <br><em><strong>Doing history<\/strong><\/em><\/p>\n<\/div>\n\n\n\n<div class=\"wp-block-column is-layout-flow wp-container-core-column-is-layout-119bc444 wp-block-column-is-layout-flow\" style=\"flex-basis:60%\">\n<p class=\"has-heading-font-family has-x-large-font-size\" style=\"line-height:1.2\">&#8222;Wo fange ich an? Welche Quellen konsultiere ich? Welche Literatur verschafft mir einen Einstieg in mein Thema? Wie finde ich eine geeignete Forschungsfrage und beantworte sie?&#8220;<\/p>\n\n\n\n<div class=\"wp-block-columns is-layout-flex wp-container-core-columns-is-layout-87beb0d0 wp-block-columns-is-layout-flex\">\n<div class=\"wp-block-column is-layout-flow wp-block-column-is-layout-flow\">\n<p class=\"wp-container-content-9cfa9a5a\">Der Methodenguide &#8222;<em>Doing history<\/em>&#8220; m\u00f6chte \u00dcberblick und Struktur f\u00fcr eine Auseinandersetzung mit historischen Fragestellungen in der Schule sowie in au\u00dferschulischen Kontexten bieten. Hierzu finden sich anbei Leitf\u00e4den mit Gedankenanst\u00f6\u00dfen und Hinweisen, die bei der individuellen Erschlie\u00dfung verschiedener Themenschwerpunkte methodisch unterst\u00fctzen. Die Orientierung und Motivation beim historischen Lernen, Forschen und Recherchieren soll so gef\u00f6rdert werden.<\/p>\n<\/div>\n<\/div>\n<\/div>\n<\/div>\n<\/div>\n\n\n\n<div class=\"wp-block-group alignfull has-global-padding is-layout-constrained wp-container-core-group-is-layout-b25ccd55 wp-block-group-is-layout-constrained\" style=\"margin-top:0;margin-bottom:0;padding-top:var(--wp--preset--spacing--50);padding-right:var(--wp--preset--spacing--50);padding-bottom:var(--wp--preset--spacing--50);padding-left:var(--wp--preset--spacing--50)\">\n<div class=\"wp-block-columns alignwide is-layout-flex wp-container-core-columns-is-layout-ff4b9c61 wp-block-columns-is-layout-flex\" style=\"margin-top:0;margin-bottom:0\">\n<div class=\"wp-block-column is-layout-flow wp-container-core-column-is-layout-8a368f38 wp-block-column-is-layout-flow\">\n<div class=\"wp-block-cover is-light wp-duotone-unset-2\"><span aria-hidden=\"true\" class=\"wp-block-cover__background has-background-dim\" style=\"background-color:#adadad\"><\/span><img loading=\"lazy\" decoding=\"async\" width=\"2560\" height=\"1432\" class=\"wp-block-cover__image-background wp-image-97\" alt=\"\" src=\"https:\/\/www.oer-landesgeschichte-rlp.de\/wp-content\/uploads\/2024\/06\/DSC_0024-scaled.jpg\" data-object-fit=\"cover\" srcset=\"https:\/\/www.oer-landesgeschichte-rlp.de\/wp-content\/uploads\/2024\/06\/DSC_0024-scaled.jpg 2560w, https:\/\/www.oer-landesgeschichte-rlp.de\/wp-content\/uploads\/2024\/06\/DSC_0024-300x168.jpg 300w, https:\/\/www.oer-landesgeschichte-rlp.de\/wp-content\/uploads\/2024\/06\/DSC_0024-1024x573.jpg 1024w, https:\/\/www.oer-landesgeschichte-rlp.de\/wp-content\/uploads\/2024\/06\/DSC_0024-768x429.jpg 768w, https:\/\/www.oer-landesgeschichte-rlp.de\/wp-content\/uploads\/2024\/06\/DSC_0024-1536x859.jpg 1536w, https:\/\/www.oer-landesgeschichte-rlp.de\/wp-content\/uploads\/2024\/06\/DSC_0024-2048x1145.jpg 2048w\" sizes=\"auto, (max-width: 2560px) 100vw, 2560px\" \/><div class=\"wp-block-cover__inner-container is-layout-flow wp-block-cover-is-layout-flow\">\n<h6 class=\"wp-block-heading has-text-align-center has-base-color has-text-color has-link-color has-large-font-size wp-elements-2cd4771325eadf1c7cfbc4b24b3972d7\"><strong>Eine Forschungsarbeit in Schul- oder Wettbewerbskontexten<\/strong> <strong>erstellen<\/strong><\/h6>\n\n\n\n<div class=\"wp-block-file aligncenter\"><a href=\"https:\/\/www.oer-landesgeschichte-rlp.de\/wp-content\/uploads\/2025\/03\/Methodenguide_Leitfaden-zur-Anfertigung-einer-historischen-Forschungsarbeit-in-Schul-oder-Wettbewerbskontexten.pdf\" class=\"wp-block-file__button wp-element-button\" download><strong>Zum Download<\/strong><\/a><\/div>\n<\/div><\/div>\n\n\n\n<div style=\"height:19px\" aria-hidden=\"true\" class=\"wp-block-spacer\"><\/div>\n\n\n\n<div class=\"wp-block-cover is-light wp-duotone-unset-3\"><span aria-hidden=\"true\" class=\"wp-block-cover__background has-background-dim\" style=\"background-color:#a69279\"><\/span><img loading=\"lazy\" decoding=\"async\" width=\"2560\" height=\"1707\" class=\"wp-block-cover__image-background wp-image-106\" alt=\"\" src=\"https:\/\/www.oer-landesgeschichte-rlp.de\/wp-content\/uploads\/2024\/06\/DSC_0075-scaled.jpg\" style=\"object-position:81% 64%\" data-object-fit=\"cover\" data-object-position=\"81% 64%\" srcset=\"https:\/\/www.oer-landesgeschichte-rlp.de\/wp-content\/uploads\/2024\/06\/DSC_0075-scaled.jpg 2560w, https:\/\/www.oer-landesgeschichte-rlp.de\/wp-content\/uploads\/2024\/06\/DSC_0075-300x200.jpg 300w, https:\/\/www.oer-landesgeschichte-rlp.de\/wp-content\/uploads\/2024\/06\/DSC_0075-1024x683.jpg 1024w, https:\/\/www.oer-landesgeschichte-rlp.de\/wp-content\/uploads\/2024\/06\/DSC_0075-768x512.jpg 768w, https:\/\/www.oer-landesgeschichte-rlp.de\/wp-content\/uploads\/2024\/06\/DSC_0075-1536x1024.jpg 1536w, https:\/\/www.oer-landesgeschichte-rlp.de\/wp-content\/uploads\/2024\/06\/DSC_0075-2048x1365.jpg 2048w\" sizes=\"auto, (max-width: 2560px) 100vw, 2560px\" \/><div class=\"wp-block-cover__inner-container is-layout-flow wp-block-cover-is-layout-flow\">\n<h6 class=\"wp-block-heading has-text-align-center has-base-color has-text-color has-link-color has-large-font-size wp-elements-0feb9ef7e6697805227985a69bcd10dd\"><strong>Quellen \u00fcber Aufrufe oder Archive<\/strong> <strong>vor Ort<\/strong> <strong>finden und nutzen<\/strong><\/h6>\n\n\n\n<div class=\"wp-block-file aligncenter\"><a href=\"https:\/\/www.oer-landesgeschichte-rlp.de\/wp-content\/uploads\/2025\/03\/Methodenguide_Quellen-ueber-Aufrufe-oder-Archive-vor-Ort-finden-und-nutzen.pdf\" class=\"wp-block-file__button wp-element-button\" download><strong>Zum Download<\/strong><\/a><\/div>\n\n\n\n<p><\/p>\n<\/div><\/div>\n<\/div>\n\n\n\n<div class=\"wp-block-column is-layout-flow wp-block-column-is-layout-flow\">\n<div class=\"wp-block-cover is-light wp-duotone-unset-4\"><span aria-hidden=\"true\" class=\"wp-block-cover__background has-background-dim\" style=\"background-color:#908781\"><\/span><img loading=\"lazy\" decoding=\"async\" width=\"1691\" height=\"2560\" class=\"wp-block-cover__image-background wp-image-89\" alt=\"\" src=\"https:\/\/www.oer-landesgeschichte-rlp.de\/wp-content\/uploads\/2024\/06\/DSC_0043-scaled.jpg\" style=\"object-position:22% 100%\" data-object-fit=\"cover\" data-object-position=\"22% 100%\" srcset=\"https:\/\/www.oer-landesgeschichte-rlp.de\/wp-content\/uploads\/2024\/06\/DSC_0043-scaled.jpg 1691w, https:\/\/www.oer-landesgeschichte-rlp.de\/wp-content\/uploads\/2024\/06\/DSC_0043-198x300.jpg 198w, https:\/\/www.oer-landesgeschichte-rlp.de\/wp-content\/uploads\/2024\/06\/DSC_0043-676x1024.jpg 676w, https:\/\/www.oer-landesgeschichte-rlp.de\/wp-content\/uploads\/2024\/06\/DSC_0043-768x1163.jpg 768w, https:\/\/www.oer-landesgeschichte-rlp.de\/wp-content\/uploads\/2024\/06\/DSC_0043-1014x1536.jpg 1014w, https:\/\/www.oer-landesgeschichte-rlp.de\/wp-content\/uploads\/2024\/06\/DSC_0043-1353x2048.jpg 1353w\" sizes=\"auto, (max-width: 1691px) 100vw, 1691px\" \/><div class=\"wp-block-cover__inner-container is-layout-flow wp-block-cover-is-layout-flow\">\n<h6 class=\"wp-block-heading has-text-align-center has-base-color has-text-color has-link-color has-large-font-size wp-elements-6340595259994bcc19af4097268a2f61\"><strong>\u00dcber den Nationalsozialismus sprechen und schreiben<\/strong><\/h6>\n\n\n\n<div class=\"wp-block-file aligncenter\"><a href=\"https:\/\/www.oer-landesgeschichte-rlp.de\/wp-content\/uploads\/2025\/03\/Methodenguide_Ueber-den-Nationalsozialismus-sprechen-und-schreiben.pdf\" class=\"wp-block-file__button wp-element-button\" download><strong>Zum Download<\/strong><\/a><\/div>\n<\/div><\/div>\n\n\n\n<div class=\"wp-block-cover is-light wp-duotone-unset-5\"><span aria-hidden=\"true\" class=\"wp-block-cover__background has-background-dim\" style=\"background-color:#9d999c\"><\/span><img loading=\"lazy\" decoding=\"async\" width=\"2560\" height=\"1707\" class=\"wp-block-cover__image-background wp-image-103\" alt=\"\" src=\"https:\/\/www.oer-landesgeschichte-rlp.de\/wp-content\/uploads\/2024\/06\/DSC_0083-scaled.jpg\" data-object-fit=\"cover\" srcset=\"https:\/\/www.oer-landesgeschichte-rlp.de\/wp-content\/uploads\/2024\/06\/DSC_0083-scaled.jpg 2560w, https:\/\/www.oer-landesgeschichte-rlp.de\/wp-content\/uploads\/2024\/06\/DSC_0083-300x200.jpg 300w, https:\/\/www.oer-landesgeschichte-rlp.de\/wp-content\/uploads\/2024\/06\/DSC_0083-1024x683.jpg 1024w, https:\/\/www.oer-landesgeschichte-rlp.de\/wp-content\/uploads\/2024\/06\/DSC_0083-768x512.jpg 768w, https:\/\/www.oer-landesgeschichte-rlp.de\/wp-content\/uploads\/2024\/06\/DSC_0083-1536x1024.jpg 1536w, https:\/\/www.oer-landesgeschichte-rlp.de\/wp-content\/uploads\/2024\/06\/DSC_0083-2048x1365.jpg 2048w\" sizes=\"auto, (max-width: 2560px) 100vw, 2560px\" \/><div class=\"wp-block-cover__inner-container is-layout-flow wp-block-cover-is-layout-flow\">\n<h6 class=\"wp-block-heading has-text-align-center has-base-color has-text-color has-link-color has-large-font-size wp-elements-230633b07a82e6961f4f512178dd086d\"><strong>Interviews mit Z(w)eitzeugInnen f\u00fchren<\/strong><\/h6>\n\n\n\n<div class=\"wp-block-file aligncenter\"><a href=\"https:\/\/www.oer-landesgeschichte-rlp.de\/wp-content\/uploads\/2025\/03\/Methodenguide_ZweitzeugInneninterviews.pdf\" class=\"wp-block-file__button wp-element-button\" download><strong>Zum Download<\/strong><\/a><\/div>\n<\/div><\/div>\n<\/div>\n\n\n\n<div class=\"wp-block-column is-layout-flow wp-container-core-column-is-layout-8a368f38 wp-block-column-is-layout-flow\">\n<div style=\"height:0px\" aria-hidden=\"true\" class=\"wp-block-spacer\"><\/div>\n\n\n\n<div class=\"wp-block-cover is-light\"><span aria-hidden=\"true\" class=\"wp-block-cover__background has-background-dim\" style=\"background-color:#947e69\"><\/span><img loading=\"lazy\" decoding=\"async\" width=\"2560\" height=\"1619\" class=\"wp-block-cover__image-background wp-image-108\" alt=\"\" src=\"https:\/\/www.oer-landesgeschichte-rlp.de\/wp-content\/uploads\/2024\/06\/DSC_0058-scaled.jpg\" data-object-fit=\"cover\" srcset=\"https:\/\/www.oer-landesgeschichte-rlp.de\/wp-content\/uploads\/2024\/06\/DSC_0058-scaled.jpg 2560w, https:\/\/www.oer-landesgeschichte-rlp.de\/wp-content\/uploads\/2024\/06\/DSC_0058-300x190.jpg 300w, https:\/\/www.oer-landesgeschichte-rlp.de\/wp-content\/uploads\/2024\/06\/DSC_0058-1024x648.jpg 1024w, https:\/\/www.oer-landesgeschichte-rlp.de\/wp-content\/uploads\/2024\/06\/DSC_0058-768x486.jpg 768w, https:\/\/www.oer-landesgeschichte-rlp.de\/wp-content\/uploads\/2024\/06\/DSC_0058-1536x971.jpg 1536w, https:\/\/www.oer-landesgeschichte-rlp.de\/wp-content\/uploads\/2024\/06\/DSC_0058-2048x1295.jpg 2048w\" sizes=\"auto, (max-width: 2560px) 100vw, 2560px\" \/><div class=\"wp-block-cover__inner-container is-layout-flow wp-block-cover-is-layout-flow\">\n<h6 class=\"wp-block-heading has-text-align-center has-base-color has-text-color has-link-color has-large-font-size wp-elements-c64665ec0e4cb5427285188a2f8f4176\"><strong>Erl\u00e4uterte Literaturhinweise zur Geschichte des Nationalsozialismus<\/strong><\/h6>\n\n\n\n<div class=\"wp-block-file aligncenter\"><a href=\"https:\/\/www.oer-landesgeschichte-rlp.de\/wp-content\/uploads\/2025\/03\/Methodenguide_Literatur-zur-Geschichte-des-Nationalsozialismus.pdf\" class=\"wp-block-file__button wp-element-button\" download><strong>Zum Download<\/strong><\/a><\/div>\n<\/div><\/div>\n\n\n\n<div style=\"height:19px\" aria-hidden=\"true\" class=\"wp-block-spacer\"><\/div>\n\n\n\n<div class=\"wp-block-cover is-light wp-duotone-unset-6\"><span aria-hidden=\"true\" class=\"wp-block-cover__background has-background-dim\" style=\"background-color:#8e8482\"><\/span><img loading=\"lazy\" decoding=\"async\" width=\"1707\" height=\"2560\" class=\"wp-block-cover__image-background wp-image-93\" alt=\"\" src=\"https:\/\/www.oer-landesgeschichte-rlp.de\/wp-content\/uploads\/2024\/06\/DSC_0001-scaled.jpg\" data-object-fit=\"cover\" srcset=\"https:\/\/www.oer-landesgeschichte-rlp.de\/wp-content\/uploads\/2024\/06\/DSC_0001-scaled.jpg 1707w, https:\/\/www.oer-landesgeschichte-rlp.de\/wp-content\/uploads\/2024\/06\/DSC_0001-200x300.jpg 200w, https:\/\/www.oer-landesgeschichte-rlp.de\/wp-content\/uploads\/2024\/06\/DSC_0001-683x1024.jpg 683w, https:\/\/www.oer-landesgeschichte-rlp.de\/wp-content\/uploads\/2024\/06\/DSC_0001-768x1152.jpg 768w, https:\/\/www.oer-landesgeschichte-rlp.de\/wp-content\/uploads\/2024\/06\/DSC_0001-1024x1536.jpg 1024w, https:\/\/www.oer-landesgeschichte-rlp.de\/wp-content\/uploads\/2024\/06\/DSC_0001-1365x2048.jpg 1365w\" sizes=\"auto, (max-width: 1707px) 100vw, 1707px\" \/><div class=\"wp-block-cover__inner-container is-layout-flow wp-block-cover-is-layout-flow\">\n<h6 class=\"wp-block-heading has-text-align-center has-base-color has-text-color has-link-color has-large-font-size wp-elements-8f6f4c8359e4d3af1cf6e6396c2caa85\"><strong>Digitale Archive und Recherchetools im \u00dcberblick<\/strong><\/h6>\n\n\n\n<div class=\"wp-block-file aligncenter\"><a href=\"https:\/\/www.oer-landesgeschichte-rlp.de\/wp-content\/uploads\/2025\/03\/Methodenguide_Digitale-Archive-und-Recherchetools-im-Ueberblick.pdf\" class=\"wp-block-file__button wp-element-button\" download><strong>Zum Download<\/strong><\/a><\/div>\n<\/div><\/div>\n<\/div>\n<\/div>\n<\/div>\n\n\n\n<div class=\"wp-block-group alignfull has-base-2-background-color has-background has-global-padding is-layout-constrained wp-container-core-group-is-layout-d89aad35 wp-block-group-is-layout-constrained\" style=\"margin-top:0;margin-bottom:0;padding-top:var(--wp--preset--spacing--50);padding-right:var(--wp--preset--spacing--50);padding-bottom:var(--wp--preset--spacing--50);padding-left:var(--wp--preset--spacing--50)\">\n<div class=\"wp-block-columns alignwide is-layout-flex wp-container-core-columns-is-layout-549b0c86 wp-block-columns-is-layout-flex\">\n<div class=\"wp-block-column has-global-padding is-content-justification-left is-layout-constrained wp-container-core-column-is-layout-4f15e8fe wp-block-column-is-layout-constrained\" style=\"flex-basis:40%\">\n<p>Methodenguide &#8211; <em><strong>Inspirationsquellen<\/strong><\/em><\/p>\n<\/div>\n\n\n\n<div class=\"wp-block-column is-layout-flow wp-container-core-column-is-layout-119bc444 wp-block-column-is-layout-flow\" style=\"flex-basis:60%\">\n<p class=\"has-heading-font-family has-x-large-font-size\" style=\"line-height:1.2\">&#8222;Inwiefern wurde die Geschichte einzelner Orte und Regionen in Rheinland-Pfalz bereits durch Sch\u00fclerInnen aufgearbeitet? Welche Fragestellungen bleiben offen?&#8220;<\/p>\n\n\n\n<div class=\"wp-block-columns is-layout-flex wp-container-core-columns-is-layout-87beb0d0 wp-block-columns-is-layout-flex\">\n<div class=\"wp-block-column is-layout-flow wp-block-column-is-layout-flow\">\n<p class=\"wp-container-content-9cfa9a5a\">Der Methodenguide &#8222;<em>Inspirationsquellen<\/em>&#8220; m\u00f6chte ausgew\u00e4hlte Einblicke in schulische wie au\u00dferschulische Forschungsarbeiten bieten, die in der Vergangenheit zur Geschichte des heutigen Rheinland-Pfalz angefertigt wurden. Der Beitrag von Sch\u00fclerInnen zur Erforschung der Geschichte des heutigen Rheinland-Pfalz soll damit sichtbar gemacht werden. Grundlage der Zusammenstellung stellen (vorwiegend) pr\u00e4mierte Wettbewerbsarbeiten des <a href=\"https:\/\/koerber-stiftung.de\/projekte\/geschichtswettbewerb\/\">Geschichtswettbewerbs des Bundespr\u00e4sidenten<\/a> der K\u00f6rber-Stiftung sowie vergangene Themen des <a href=\"https:\/\/www.lpb.rlp.de\/veranstaltungen\/schueler-und-jugendwettbewerb\">Sch\u00fcler- und Jugendwettbewerbs &#8222;Mitgedacht &#8211; Mitgemacht&#8220;<\/a>, ausgerichtet durch die Landeszentrale f\u00fcr Politische Bildung Rheinland-Pfalz, dar.<\/p>\n\n\n\n<p>An Schulen entstandene Facharbeiten und BLLs sowie anderweitige Projektarbeiten konnten in den vorliegenden Zusammenstellungen bis dato nicht ber\u00fccksichtigt werden, werden nach Hinweis an uns aber gerne erg\u00e4nzt.<\/p>\n<\/div>\n<\/div>\n<\/div>\n<\/div>\n<\/div>\n\n\n\n<div class=\"wp-block-group alignfull has-global-padding is-layout-constrained wp-container-core-group-is-layout-b25ccd55 wp-block-group-is-layout-constrained\" style=\"margin-top:0;margin-bottom:0;padding-top:var(--wp--preset--spacing--50);padding-right:var(--wp--preset--spacing--50);padding-bottom:var(--wp--preset--spacing--50);padding-left:var(--wp--preset--spacing--50)\">\n<div class=\"wp-block-columns alignwide is-layout-flex wp-container-core-columns-is-layout-ff4b9c61 wp-block-columns-is-layout-flex\" style=\"margin-top:0;margin-bottom:0\">\n<div class=\"wp-block-column is-layout-flow wp-container-core-column-is-layout-8a368f38 wp-block-column-is-layout-flow\">\n<div class=\"wp-block-cover is-light wp-duotone-unset-7\"><span aria-hidden=\"true\" class=\"wp-block-cover__background has-background-dim-70 has-background-dim\" style=\"background-color:#adadad\"><\/span><img loading=\"lazy\" decoding=\"async\" width=\"1920\" height=\"2560\" class=\"wp-block-cover__image-background wp-image-117\" alt=\"\" src=\"https:\/\/www.oer-landesgeschichte-rlp.de\/wp-content\/uploads\/2024\/06\/IMG_4762-scaled.jpg\" data-object-fit=\"cover\" srcset=\"https:\/\/www.oer-landesgeschichte-rlp.de\/wp-content\/uploads\/2024\/06\/IMG_4762-scaled.jpg 1920w, https:\/\/www.oer-landesgeschichte-rlp.de\/wp-content\/uploads\/2024\/06\/IMG_4762-225x300.jpg 225w, https:\/\/www.oer-landesgeschichte-rlp.de\/wp-content\/uploads\/2024\/06\/IMG_4762-768x1024.jpg 768w, https:\/\/www.oer-landesgeschichte-rlp.de\/wp-content\/uploads\/2024\/06\/IMG_4762-1152x1536.jpg 1152w, https:\/\/www.oer-landesgeschichte-rlp.de\/wp-content\/uploads\/2024\/06\/IMG_4762-1536x2048.jpg 1536w\" sizes=\"auto, (max-width: 1920px) 100vw, 1920px\" \/><div class=\"wp-block-cover__inner-container is-layout-flow wp-block-cover-is-layout-flow\">\n<h6 class=\"wp-block-heading has-text-align-center has-base-color has-text-color has-link-color has-large-font-size wp-elements-0707e99bcf45872dd7604caa6c8bb5f5\"><strong>Zusammenstellung der Wettbewerbsbeitr\u00e4ge des Geschichtswettbewerbs des Bundespr\u00e4sidenten der K\u00f6rber-Stiftung mit Bezug zur Geschichte des Nationalsozialismus sowie zur unmittelbaren Nachkriegszeit im heutigen Rheinland-Pfalz<\/strong> <strong>(1976-2023)<\/strong><\/h6>\n\n\n\n<div class=\"wp-block-file aligncenter\" style=\"border-style:none;border-width:0px;border-radius:0px\"><a href=\"https:\/\/www.oer-landesgeschichte-rlp.de\/wp-content\/uploads\/2025\/03\/Zusammenstellung-Geschichtswettbewerb-1.pdf\" class=\"wp-block-file__button wp-element-button\" download>Zum Download<\/a><\/div>\n<\/div><\/div>\n\n\n\n<div style=\"height:19px\" aria-hidden=\"true\" class=\"wp-block-spacer\"><\/div>\n<\/div>\n\n\n\n<div class=\"wp-block-column is-layout-flow wp-block-column-is-layout-flow\">\n<div class=\"wp-block-cover is-light wp-duotone-unset-8\"><span aria-hidden=\"true\" class=\"wp-block-cover__background has-background-dim\" style=\"background-color:#908781\"><\/span><img loading=\"lazy\" decoding=\"async\" width=\"2560\" height=\"1707\" class=\"wp-block-cover__image-background wp-image-90\" alt=\"\" src=\"https:\/\/www.oer-landesgeschichte-rlp.de\/wp-content\/uploads\/2024\/06\/DSC_0040-scaled.jpg\" style=\"object-position:99% 100%\" data-object-fit=\"cover\" data-object-position=\"99% 100%\" srcset=\"https:\/\/www.oer-landesgeschichte-rlp.de\/wp-content\/uploads\/2024\/06\/DSC_0040-scaled.jpg 2560w, https:\/\/www.oer-landesgeschichte-rlp.de\/wp-content\/uploads\/2024\/06\/DSC_0040-300x200.jpg 300w, https:\/\/www.oer-landesgeschichte-rlp.de\/wp-content\/uploads\/2024\/06\/DSC_0040-1024x683.jpg 1024w, https:\/\/www.oer-landesgeschichte-rlp.de\/wp-content\/uploads\/2024\/06\/DSC_0040-768x512.jpg 768w, https:\/\/www.oer-landesgeschichte-rlp.de\/wp-content\/uploads\/2024\/06\/DSC_0040-1536x1024.jpg 1536w, https:\/\/www.oer-landesgeschichte-rlp.de\/wp-content\/uploads\/2024\/06\/DSC_0040-2048x1365.jpg 2048w\" sizes=\"auto, (max-width: 2560px) 100vw, 2560px\" \/><div class=\"wp-block-cover__inner-container is-layout-flow wp-block-cover-is-layout-flow\">\n<h6 class=\"wp-block-heading has-text-align-center has-base-color has-text-color has-link-color has-large-font-size wp-elements-6cbc07fd2ecc3ec0710ada11ae7ad5dd\"><strong><strong>Themen des Sch\u00fcler- und Jugendwettbewerbs der Landeszentrale f\u00fcr Politische Bildung RLP von 1987 bis heute im \u00dcberblick<\/strong><\/strong><\/h6>\n\n\n\n<div class=\"wp-block-file aligncenter\"><a href=\"https:\/\/www.oer-landesgeschichte-rlp.de\/wp-content\/uploads\/2025\/03\/Zusammenstellung-Themen-Schueler-und-Jugendwettbewerb-1987-2025-1.pdf\" class=\"wp-block-file__button wp-element-button\" download>Zum Download<\/a><\/div>\n<\/div><\/div>\n<\/div>\n<\/div>\n<\/div>\n\n\n\n<hr class=\"wp-block-separator has-text-color has-custom-color-2-color has-alpha-channel-opacity has-custom-color-2-background-color has-background\"\/>\n\n\n\n<p class=\"has-text-align-center\"><strong>Zitationshinweise<\/strong>:<\/p>\n\n\n\n<p class=\"has-text-align-center\">Weiternutzung als OER ausdr\u00fccklich erlaubt, nicht zu kommerziellen Zwecken: Dieses Werk und dessen Inhalte sind \u2013 sofern nicht anders angegeben \u2013 lizenziert unter&nbsp;<a href=\"https:\/\/creativecommons.org\/licenses\/by-sa\/4.0\/deed.de\" target=\"_blank\" rel=\"noreferrer noopener\">CC BY-SA 4.0<\/a>. Nennung gem\u00e4\u00df&nbsp;<a href=\"https:\/\/open-educational-resources.de\/oer-tullu-regel\/\">TULLU-Regel<\/a>&nbsp;bitte wie folgt: \u201e<em>Methodenguide &#8211; doing history<\/em>\u201c. Die Lizenz gilt nicht f\u00fcr die verwendeten Bilder. Sofern nicht anders angegeben, sind diese urheberrechtlich gesch\u00fctzt.<\/p>\n\n\n\n<p class=\"has-text-align-center\"><em>Bitte erg\u00e4nzen Sie die jeweils in den Dokumenten genannten AutorInnen.<\/em><\/p>\n\n\n\n<figure class=\"wp-block-image aligncenter size-full is-resized wp-duotone-unset-9\"><img loading=\"lazy\" decoding=\"async\" width=\"403\" height=\"141\" src=\"https:\/\/www.oer-landesgeschichte-rlp.de\/wp-content\/uploads\/2025\/03\/by-nc-sa.png\" alt=\"\" class=\"wp-image-1236\" style=\"width:200px\" srcset=\"https:\/\/www.oer-landesgeschichte-rlp.de\/wp-content\/uploads\/2025\/03\/by-nc-sa.png 403w, https:\/\/www.oer-landesgeschichte-rlp.de\/wp-content\/uploads\/2025\/03\/by-nc-sa-300x105.png 300w\" sizes=\"auto, (max-width: 403px) 100vw, 403px\" \/><\/figure>\n\n\n\n<p><\/p>\n","protected":false},"excerpt":{"rendered":"<p>Methodenguide &#8211; Doing history &#8222;Wo fange ich an? Welche Quellen konsultiere ich? Welche Literatur verschafft mir einen Einstieg in mein Thema? Wie finde ich eine geeignete Forschungsfrage und beantworte sie?&#8220; Der Methodenguide &#8222;Doing history&#8220; m\u00f6chte \u00dcberblick und Struktur f\u00fcr eine Auseinandersetzung mit historischen Fragestellungen in der Schule sowie in au\u00dferschulischen Kontexten bieten. Hierzu finden sich [&hellip;]<\/p>\n","protected":false},"author":2,"featured_media":0,"parent":36,"menu_order":0,"comment_status":"closed","ping_status":"closed","template":"","meta":{"footnotes":""},"class_list":["post-187","page","type-page","status-publish","hentry"],"_links":{"self":[{"href":"https:\/\/www.oer-landesgeschichte-rlp.de\/index.php\/wp-json\/wp\/v2\/pages\/187","targetHints":{"allow":["GET"]}}],"collection":[{"href":"https:\/\/www.oer-landesgeschichte-rlp.de\/index.php\/wp-json\/wp\/v2\/pages"}],"about":[{"href":"https:\/\/www.oer-landesgeschichte-rlp.de\/index.php\/wp-json\/wp\/v2\/types\/page"}],"author":[{"embeddable":true,"href":"https:\/\/www.oer-landesgeschichte-rlp.de\/index.php\/wp-json\/wp\/v2\/users\/2"}],"replies":[{"embeddable":true,"href":"https:\/\/www.oer-landesgeschichte-rlp.de\/index.php\/wp-json\/wp\/v2\/comments?post=187"}],"version-history":[{"count":69,"href":"https:\/\/www.oer-landesgeschichte-rlp.de\/index.php\/wp-json\/wp\/v2\/pages\/187\/revisions"}],"predecessor-version":[{"id":1736,"href":"https:\/\/www.oer-landesgeschichte-rlp.de\/index.php\/wp-json\/wp\/v2\/pages\/187\/revisions\/1736"}],"up":[{"embeddable":true,"href":"https:\/\/www.oer-landesgeschichte-rlp.de\/index.php\/wp-json\/wp\/v2\/pages\/36"}],"wp:attachment":[{"href":"https:\/\/www.oer-landesgeschichte-rlp.de\/index.php\/wp-json\/wp\/v2\/media?parent=187"}],"curies":[{"name":"wp","href":"https:\/\/api.w.org\/{rel}","templated":true}]}}