{"id":202,"date":"2024-06-24T22:30:33","date_gmt":"2024-06-24T20:30:33","guid":{"rendered":"https:\/\/www.oer-landesgeschichte-rlp.de\/?page_id=202"},"modified":"2025-12-19T21:38:22","modified_gmt":"2025-12-19T20:38:22","slug":"quellenkunde","status":"publish","type":"page","link":"https:\/\/www.oer-landesgeschichte-rlp.de\/index.php\/quellenkunde\/","title":{"rendered":"Quellenkunde"},"content":{"rendered":"\n<div class=\"wp-block-cover alignfull is-light wp-duotone-unset-1\"><img loading=\"lazy\" decoding=\"async\" width=\"1920\" height=\"2560\" class=\"wp-block-cover__image-background wp-image-300\" alt=\"\" src=\"https:\/\/www.oer-landesgeschichte-rlp.de\/wp-content\/uploads\/2024\/06\/IMG_4763-1-scaled.jpg\" style=\"object-position:75% 49%\" data-object-fit=\"cover\" data-object-position=\"75% 49%\" srcset=\"https:\/\/www.oer-landesgeschichte-rlp.de\/wp-content\/uploads\/2024\/06\/IMG_4763-1-scaled.jpg 1920w, https:\/\/www.oer-landesgeschichte-rlp.de\/wp-content\/uploads\/2024\/06\/IMG_4763-1-225x300.jpg 225w, https:\/\/www.oer-landesgeschichte-rlp.de\/wp-content\/uploads\/2024\/06\/IMG_4763-1-768x1024.jpg 768w, https:\/\/www.oer-landesgeschichte-rlp.de\/wp-content\/uploads\/2024\/06\/IMG_4763-1-1152x1536.jpg 1152w, https:\/\/www.oer-landesgeschichte-rlp.de\/wp-content\/uploads\/2024\/06\/IMG_4763-1-1536x2048.jpg 1536w\" sizes=\"auto, (max-width: 1920px) 100vw, 1920px\" \/><span aria-hidden=\"true\" class=\"wp-block-cover__background has-background-dim\" style=\"background-color:#a7938c\"><\/span><div class=\"wp-block-cover__inner-container has-global-padding is-layout-constrained wp-block-cover-is-layout-constrained\">\n<h6 class=\"wp-block-heading has-text-align-center has-base-color has-text-color has-link-color has-large-font-size wp-elements-e58d473d255098d047c4bc2d8ce0cafa\"><strong>Wiedergutmachungsakten als historische Quellen&nbsp;<\/strong><\/h6>\n<\/div><\/div>\n\n\n\n<div style=\"height:10px\" aria-hidden=\"true\" class=\"wp-block-spacer\"><\/div>\n\n\n\n<div class=\"wp-block-columns is-layout-flex wp-container-core-columns-is-layout-28f84493 wp-block-columns-is-layout-flex\">\n<div class=\"wp-block-column is-layout-flow wp-block-column-is-layout-flow\" style=\"flex-basis:66.66%\">\n<p class=\"has-small-font-size\"><em>\u201eEntsch\u00e4digungsakten geben Einblicke in die Verfolgungssituation einzelner Personen<\/em>&nbsp;[\u2026]<em>&nbsp;w\u00e4hrend der nationalsozialistischen Gewaltherrschaft und stellen einen wertvollen Ersatz f\u00fcr die weitgehend verlorenen unmittelbaren Quellen zu den Verfolgungsma\u00dfnahmen der NS-Institutionen dar.\u201c<\/em><\/p>\n\n\n\n<p class=\"has-small-font-size\"><strong>zit. n.&nbsp;Franz-Josef Ziwes, Entsch\u00e4digungsakten\/Wiedergutmachungsakten, in: <a href=\"https:\/\/www.leo-bw.de\/themenmodul\/sudwestdeutsche-archivalienkunde\/archivaliengattungen\/akten\/inhaltliche-unterscheidung\/entschadigungs-und-wiedergutmachungsakten\">S\u00fcdwestdeutsche Archivalienkunde<\/a> via www.leo-bw.de, Stand: 23. Mai 2017<\/strong><\/p>\n<\/div>\n\n\n\n<div class=\"wp-block-column is-layout-flow wp-block-column-is-layout-flow\" style=\"flex-basis:33.33%\"><\/div>\n<\/div>\n\n\n\n<div style=\"height:10px\" aria-hidden=\"true\" class=\"wp-block-spacer\"><\/div>\n\n\n\n<div class=\"wp-block-columns is-layout-flex wp-container-core-columns-is-layout-28f84493 wp-block-columns-is-layout-flex\">\n<div class=\"wp-block-column is-layout-flow wp-block-column-is-layout-flow\" style=\"flex-basis:33.33%\">\n<p><strong>Wiedergutmachungs\u00fcberlieferungen<\/strong><\/p>\n<\/div>\n\n\n\n<div class=\"wp-block-column is-layout-flow wp-block-column-is-layout-flow\" style=\"flex-basis:66.66%\">\n<p>Als Wiedergutmachungs- bzw. Entsch\u00e4digungsakten bezeichnet man dasjenige Aktengut, welches im Rahmen der Durchf\u00fchrung des \u201eBundesentsch\u00e4digungsgesetzes\u201c, dessen Vorg\u00e4ngergesetzen sowie weiterer bundes- oder landesgesetzlicher Regelungen entstanden ist.<a href=\"applewebdata:\/\/AF791993-C697-40DD-8F30-3B87CBE90C40#_ftn1\"><sup>[1]<\/sup><\/a>&nbsp;Dabei handelt es sich beim Kern der Wiedergutmachungs\u00fcberlieferung um eine enorme Masse an Einzelfallakten (wohl rund 1,5 Millionen), die zum Teil mehrfach vorhanden bzw. an verschiedenen Stellen gef\u00fchrt worden sind, woraus sich Bund-L\u00e4nder-\u00fcbergreifend einige \u00dcberlieferungsschwierigkeiten ergeben:<a href=\"applewebdata:\/\/AF791993-C697-40DD-8F30-3B87CBE90C40#_ftn2\"><sup>[2]<\/sup><\/a>&nbsp;Wie viele Wiedergutmachungsakten insgesamt angefallen sind, l\u00e4sst sich nur schwer feststellen; statistisch erfasst werden nur die einzelnen Anspr\u00fcche pro Schadensart \u2013 dies waren bis zum Jahr 1988 4.384.138 Anspr\u00fcche, woraus sich bei durchschnittlich drei Anspr\u00fcchen pro AntragstellerIn an die 1,5 Millionen Akten bzw. Antragstellende ergeben.<a href=\"applewebdata:\/\/AF791993-C697-40DD-8F30-3B87CBE90C40#_ftn3\"><sup>[3]<\/sup><\/a>&nbsp;Insgesamt bildet der \u00dcberlieferungskomplex eine Aktenmaterialf\u00fclle von etwa 30 bis 35 Regalkilometern; geht man davon aus, dass bundesweit im Jahr 2000 noch etwa 100.000 Rentenempf\u00e4nger*innen gem\u00e4\u00df BEG existierten, so hei\u00dft dies, dass bereits um die Jahrtausendwende 85 Prozent der Wiedergutmachungsakten nicht mehr aktiv ben\u00f6tigt wurden.<a href=\"applewebdata:\/\/AF791993-C697-40DD-8F30-3B87CBE90C40#_ftn4\"><sup>[4]<\/sup><\/a><\/p>\n<\/div>\n<\/div>\n\n\n\n<div style=\"height:11px\" aria-hidden=\"true\" class=\"wp-block-spacer\"><\/div>\n\n\n\n<div class=\"wp-block-columns is-layout-flex wp-container-core-columns-is-layout-28f84493 wp-block-columns-is-layout-flex\">\n<div class=\"wp-block-column is-layout-flow wp-block-column-is-layout-flow\" style=\"flex-basis:33.33%\">\n<p><strong>Aufbau und Inhalt der Akten<\/strong><\/p>\n<\/div>\n\n\n\n<div class=\"wp-block-column is-layout-flow wp-block-column-is-layout-flow\" style=\"flex-basis:66.66%\">\n<p>Grunds\u00e4tzlich sind Wiedergutmachungs- bzw. Entsch\u00e4digungsakten als archivw\u00fcrdig anzusehen, da sie in ihrer Gesamtheit wie sonst keine andere Quellengattung besonderen Aufschluss \u00fcber die vielf\u00e4ltigen NS-Verfolgungsma\u00dfnahmen geben sowie dar\u00fcber hinaus die Lebensl\u00e4ufe und Schicksale der Antragstellenden und ihrer Familien nach 1945 erhellen. So ging mit der Stellung eines Wiedergutmachungsantrags oftmals eine ausf\u00fchrliche Offenlegung der eigenen Biografie und des Sachstandes der jeweiligen Verfolgung einher. Den Antr\u00e4gen waren zumeist auch mehr oder weniger zahlreiche Beweismittel angeh\u00e4ngt.&nbsp;&nbsp;Dabei handelt es sich um mitunter originale bzw. aus der NS-Zeit selbst, teilweise sogar aus Konzentrationslagern, stammende Dokumente wie Ausweise, Zeitungsartikel, Haftbefehle, Gerichtsurteile, Zeugenaussagen, Zeugnisdokumente, medizinische Gutachten usw.<a href=\"applewebdata:\/\/4670C4AE-FE0A-40F8-8A5A-20D9F527A6EA#_ftn1\"><sup>[5]<\/sup><\/a>&nbsp;Dar\u00fcber hinaus lassen sich aus den Akten oftmals die Ermittlungsverfahren bzw. Beweiserhebungen seitens der Entsch\u00e4digungsbeh\u00f6rden gut und glaubw\u00fcrdig rekonstruieren. Wiedergutmachungs- bzw. Entsch\u00e4digungsakten stellen somit eine wertvolle Erg\u00e4nzung f\u00fcr die weitgehend verlorenen bzw. oft unvollst\u00e4ndig erhaltenen unmittelbaren Quellen zu Verfolgungsma\u00dfnahmen von NS-Institutionen dar.<a href=\"applewebdata:\/\/4670C4AE-FE0A-40F8-8A5A-20D9F527A6EA#_ftn2\"><sup>[6]<\/sup><\/a><\/p>\n\n\n\n<p>Es gilt jedoch zu beachten, dass man die aus diesen Akten gewonnenen Befunde nicht verallgemeinern sollte, da Wiedergutmachungsakten keine Ersatz\u00fcberlieferung f\u00fcr verlorenes Quellengut etwa von NS-Institutionen sind, sondern vielmehr Einblick in individuelle Verfolgtenschicksale vor und nach 1945 geben. F\u00fcr systematische, fl\u00e4chendeckende statistische und regionale Untersuchungen des NS-Verfolgungssystems sind Wiedergutmachungsakten somit eher weniger geeignet.<a href=\"applewebdata:\/\/B059AA69-6150-41FC-BBA8-D9637BAE7687#_ftn1\"><sup>[7]<\/sup><\/a>&nbsp;Potential bieten solche Akten aber f\u00fcr die Untersuchung der konkreten Durchf\u00fchrung der Entsch\u00e4digungsverfahren \u2013 neben besagten Beweismitteln enthalten Wiedergutmachungsakten oftmals zahlreiche Zeugnisse f\u00fcr die Verfahrensabwicklung wie z. B. Vollmachten f\u00fcr Rechtsanw\u00e4lte oder Verfolgtenorganisationen \u2013 und er\u00f6ffnen dar\u00fcber hinaus eine reichhaltige Materialgrundlage f\u00fcr sozial- und mentalit\u00e4tsgeschichtliche Studien zum Umgang der deutschen Nachkriegsgesellschaft mit den ermordeten und \u00fcberlebenden Verfolgten des Nationalsozialismus.<a href=\"applewebdata:\/\/B059AA69-6150-41FC-BBA8-D9637BAE7687#_ftn2\"><sup>[8]<\/sup><\/a><\/p>\n<\/div>\n<\/div>\n\n\n\n<div style=\"height:11px\" aria-hidden=\"true\" class=\"wp-block-spacer\"><\/div>\n\n\n\n<div class=\"wp-block-columns is-layout-flex wp-container-core-columns-is-layout-28f84493 wp-block-columns-is-layout-flex\">\n<div class=\"wp-block-column is-layout-flow wp-block-column-is-layout-flow\">\n<figure class=\"wp-block-image alignleft size-full wp-duotone-unset-2\"><img loading=\"lazy\" decoding=\"async\" width=\"968\" height=\"778\" src=\"https:\/\/www.oer-landesgeschichte-rlp.de\/wp-content\/uploads\/2025\/03\/Exmatrikulationsbescheinigung-Herbert-Wolff_Saarburg-VA-179536.png\" alt=\"\" class=\"wp-image-1371\" srcset=\"https:\/\/www.oer-landesgeschichte-rlp.de\/wp-content\/uploads\/2025\/03\/Exmatrikulationsbescheinigung-Herbert-Wolff_Saarburg-VA-179536.png 968w, https:\/\/www.oer-landesgeschichte-rlp.de\/wp-content\/uploads\/2025\/03\/Exmatrikulationsbescheinigung-Herbert-Wolff_Saarburg-VA-179536-300x241.png 300w, https:\/\/www.oer-landesgeschichte-rlp.de\/wp-content\/uploads\/2025\/03\/Exmatrikulationsbescheinigung-Herbert-Wolff_Saarburg-VA-179536-768x617.png 768w\" sizes=\"auto, (max-width: 968px) 100vw, 968px\" \/><figcaption class=\"wp-element-caption\">Exmatrikulationsbescheinigung aus der Wiedergutmachungsakte Herbert Wolffs (Landesamt f\u00fcr Finanzen &#8211; Amt f\u00fcr Wiedergutmachung Saarburg; VA 179536)<\/figcaption><\/figure>\n<\/div>\n\n\n\n<div class=\"wp-block-column is-layout-flow wp-block-column-is-layout-flow\">\n<figure class=\"wp-block-image alignleft size-large is-resized wp-duotone-unset-3\"><img loading=\"lazy\" decoding=\"async\" width=\"648\" height=\"1024\" src=\"https:\/\/www.oer-landesgeschichte-rlp.de\/wp-content\/uploads\/2025\/03\/Hilde-Bertha-Becker-VA-15933_Zeugnis-648x1024.png\" alt=\"\" class=\"wp-image-1372\" style=\"width:348px;height:auto\" srcset=\"https:\/\/www.oer-landesgeschichte-rlp.de\/wp-content\/uploads\/2025\/03\/Hilde-Bertha-Becker-VA-15933_Zeugnis-648x1024.png 648w, https:\/\/www.oer-landesgeschichte-rlp.de\/wp-content\/uploads\/2025\/03\/Hilde-Bertha-Becker-VA-15933_Zeugnis-190x300.png 190w, https:\/\/www.oer-landesgeschichte-rlp.de\/wp-content\/uploads\/2025\/03\/Hilde-Bertha-Becker-VA-15933_Zeugnis-768x1214.png 768w, https:\/\/www.oer-landesgeschichte-rlp.de\/wp-content\/uploads\/2025\/03\/Hilde-Bertha-Becker-VA-15933_Zeugnis.png 825w\" sizes=\"auto, (max-width: 648px) 100vw, 648px\" \/><figcaption class=\"wp-element-caption\">Zeugnis aus der Wiedergutmachungsakte Hilda Bertha Beckers (Landesamt f\u00fcr Finanzen &#8211; Amt f\u00fcr Wiedergutmachung Saarburg; VA 15933)<\/figcaption><\/figure>\n<\/div>\n\n\n\n<div class=\"wp-block-column is-layout-flow wp-block-column-is-layout-flow\">\n<figure class=\"wp-block-image alignleft size-large wp-duotone-unset-4\"><img loading=\"lazy\" decoding=\"async\" width=\"1024\" height=\"716\" src=\"https:\/\/www.oer-landesgeschichte-rlp.de\/wp-content\/uploads\/2025\/03\/Auszug-R.U_1_HHStAW-Best.-518-Nr.-912-1024x716.png\" alt=\"\" class=\"wp-image-1526\" style=\"object-fit:cover\" srcset=\"https:\/\/www.oer-landesgeschichte-rlp.de\/wp-content\/uploads\/2025\/03\/Auszug-R.U_1_HHStAW-Best.-518-Nr.-912-1024x716.png 1024w, https:\/\/www.oer-landesgeschichte-rlp.de\/wp-content\/uploads\/2025\/03\/Auszug-R.U_1_HHStAW-Best.-518-Nr.-912-300x210.png 300w, https:\/\/www.oer-landesgeschichte-rlp.de\/wp-content\/uploads\/2025\/03\/Auszug-R.U_1_HHStAW-Best.-518-Nr.-912-768x537.png 768w, https:\/\/www.oer-landesgeschichte-rlp.de\/wp-content\/uploads\/2025\/03\/Auszug-R.U_1_HHStAW-Best.-518-Nr.-912-1536x1074.png 1536w, https:\/\/www.oer-landesgeschichte-rlp.de\/wp-content\/uploads\/2025\/03\/Auszug-R.U_1_HHStAW-Best.-518-Nr.-912.png 1772w\" sizes=\"auto, (max-width: 1024px) 100vw, 1024px\" \/><figcaption class=\"wp-element-caption\">Best\u00e4tigung \u00fcber den Verlust von Steuerakten aus der Wiedergutmachungsakte von Raymond Ullmann <br>(HHStA Wiesbaden; Best. 518, Nr. 912)<\/figcaption><\/figure>\n<\/div>\n<\/div>\n\n\n\n<div style=\"height:11px\" aria-hidden=\"true\" class=\"wp-block-spacer\"><\/div>\n\n\n\n<div class=\"wp-block-columns is-layout-flex wp-container-core-columns-is-layout-28f84493 wp-block-columns-is-layout-flex\">\n<div class=\"wp-block-column is-layout-flow wp-block-column-is-layout-flow\" style=\"flex-basis:33.33%\">\n<p><strong>Forschungsinteresse<\/strong><\/p>\n<\/div>\n\n\n\n<div class=\"wp-block-column is-layout-flow wp-block-column-is-layout-flow\" style=\"flex-basis:66.66%\">\n<p>Wiedergutmachungsakten spielten lange Zeit f\u00fcr die Erforschung sowohl der nationalsozialistischen Verfolgungsma\u00dfnahmen als auch der Wiedergutmachungspraxis eine eher randst\u00e4ndige Rolle; im Vordergrund des Forschungsinteresses stand vielmehr insbesondere die Betrachtung der Verfolgung, Ausgrenzung, Ermordung und Auspl\u00fcnderung der j\u00fcdischen Bev\u00f6lkerung.<a href=\"applewebdata:\/\/FAD87739-46A4-4C9C-86FB-07E831EB555E#_ftn1\"><sup>[9]<\/sup><\/a>&nbsp;Dass sich bislang kaum systematische Forschungsans\u00e4tze auf Wiedergutmachungsakten st\u00fctzen, sondern vielmehr einzelfall- bzw. personenbezogene oder regionale Untersuchungsvorhaben dominieren, liegt allerdings auch daran, dass die Akten teilweise erst in j\u00fcngerer Zeit an die entsprechenden Archive abgegeben worden sind bzw. die Schutzfristen, die einer Einsichtnahme in solche Akten entgegenstehen, langsam ablaufen.<a href=\"applewebdata:\/\/FAD87739-46A4-4C9C-86FB-07E831EB555E#_ftn2\"><sup>[10]<\/sup><\/a><\/p>\n\n\n\n<p>F\u00fcr die Erschlie\u00dfung und Recherche ist au\u00dferdem aus rein forschungspraktischer Sicht problematisch, dass der Ort der Schadenszuf\u00fcgung nicht unbedingt dem Ort der Zust\u00e4ndigkeit der jeweiligen Entsch\u00e4digungsbeh\u00f6rden entsprach; dieser richtete sich nach einer relativ komplexen Wohnsitz- und Stichtagsregelung, was sich vor allem im Fall von&nbsp;<em>Displaced Persons<\/em>, Exilr\u00fcckkehrer*innen oder Vertriebenen als hinderlich erweist.<a href=\"applewebdata:\/\/FAD87739-46A4-4C9C-86FB-07E831EB555E#_ftn3\"><sup>[11]<\/sup><\/a>&nbsp;\u00dcberdies war die Zugeh\u00f6rigkeit zu einer gewissen Verfolgtengruppe bei der Bearbeitung von Entsch\u00e4digungsanspr\u00fcchen unerheblich, was bedeutet, dass diese als Kriterium auch h\u00e4ufig nicht in den Karteien der Entsch\u00e4digungsbeh\u00f6rden vermerkt wurde \u2013 ein Umstand, der die Suche nach Antragstellenden hinsichtlich einer bestimmten Verfolgtengruppenzugeh\u00f6rigkeit (au\u00dfer im Falle der nachtr\u00e4glichen Verzeichnung) deutlich erschwert.<a href=\"applewebdata:\/\/FAD87739-46A4-4C9C-86FB-07E831EB555E#_ftn4\"><sup>[12]<\/sup><\/a><\/p>\n<\/div>\n<\/div>\n\n\n\n<div style=\"height:11px\" aria-hidden=\"true\" class=\"wp-block-spacer\"><\/div>\n\n\n\n<div class=\"wp-block-columns is-layout-flex wp-container-core-columns-is-layout-28f84493 wp-block-columns-is-layout-flex\">\n<div class=\"wp-block-column is-layout-flow wp-block-column-is-layout-flow\">\n<figure class=\"wp-block-image size-large wp-duotone-unset-5\"><img loading=\"lazy\" decoding=\"async\" width=\"694\" height=\"1024\" src=\"https:\/\/www.oer-landesgeschichte-rlp.de\/wp-content\/uploads\/2025\/12\/M.J.-VA-162210_Bogen-694x1024.png\" alt=\"\" class=\"wp-image-2001\" srcset=\"https:\/\/www.oer-landesgeschichte-rlp.de\/wp-content\/uploads\/2025\/12\/M.J.-VA-162210_Bogen-694x1024.png 694w, https:\/\/www.oer-landesgeschichte-rlp.de\/wp-content\/uploads\/2025\/12\/M.J.-VA-162210_Bogen-203x300.png 203w, https:\/\/www.oer-landesgeschichte-rlp.de\/wp-content\/uploads\/2025\/12\/M.J.-VA-162210_Bogen-768x1134.png 768w, https:\/\/www.oer-landesgeschichte-rlp.de\/wp-content\/uploads\/2025\/12\/M.J.-VA-162210_Bogen.png 899w\" sizes=\"auto, (max-width: 694px) 100vw, 694px\" \/><\/figure>\n<\/div>\n\n\n\n<div class=\"wp-block-column is-layout-flow wp-block-column-is-layout-flow\">\n<figure class=\"wp-block-image size-large wp-duotone-unset-6\"><img loading=\"lazy\" decoding=\"async\" width=\"994\" height=\"1024\" src=\"https:\/\/www.oer-landesgeschichte-rlp.de\/wp-content\/uploads\/2025\/03\/M.-J.-VA-162210_Fragebogen-994x1024.png\" alt=\"\" class=\"wp-image-1402\" srcset=\"https:\/\/www.oer-landesgeschichte-rlp.de\/wp-content\/uploads\/2025\/03\/M.-J.-VA-162210_Fragebogen-994x1024.png 994w, https:\/\/www.oer-landesgeschichte-rlp.de\/wp-content\/uploads\/2025\/03\/M.-J.-VA-162210_Fragebogen-291x300.png 291w, https:\/\/www.oer-landesgeschichte-rlp.de\/wp-content\/uploads\/2025\/03\/M.-J.-VA-162210_Fragebogen-768x791.png 768w, https:\/\/www.oer-landesgeschichte-rlp.de\/wp-content\/uploads\/2025\/03\/M.-J.-VA-162210_Fragebogen.png 1234w\" sizes=\"auto, (max-width: 994px) 100vw, 994px\" \/><figcaption class=\"wp-element-caption\">Antragsbogen aus der Wiedergutmachungsakte Johanna M.&#8217;s aus Arft, die als Sintezza gemeinsam mit ihren sieben Kindern verfolgt und in das Konzentrationslager Auschwitz deportiert wurde. (Landesamt f\u00fcr Finanzen &#8211; Amt f\u00fcr Wiedergutmachung Saarburg; VA162211). Die Tilgung des Nachnamens wurde durch die VerfasserInnen vorgenommen.<\/figcaption><\/figure>\n<\/div>\n<\/div>\n\n\n\n<div style=\"height:11px\" aria-hidden=\"true\" class=\"wp-block-spacer\"><\/div>\n\n\n\n<div class=\"wp-block-columns is-layout-flex wp-container-core-columns-is-layout-28f84493 wp-block-columns-is-layout-flex\">\n<div class=\"wp-block-column is-layout-flow wp-block-column-is-layout-flow\" style=\"flex-basis:33.33%\">\n<p><strong>Archivische Erschlie\u00dfung<\/strong><\/p>\n<\/div>\n\n\n\n<div class=\"wp-block-column is-layout-flow wp-block-column-is-layout-flow\" style=\"flex-basis:66.66%\">\n<p>Da es sich bei Entsch\u00e4digungsakten um personenbezogenes Aktengut handelt, muss die Recherche nach Betroffenen bzw. der Zugang zu Akten in der Regel \u00fcber den Namen des\/der Antragstellenden erfolgen, angesichts der enormen Aktenf\u00fclle oftmals auch zus\u00e4tzlich \u00fcber das Geburtsdatum.<a href=\"applewebdata:\/\/9CF177E1-FBBD-4301-B557-749FC6A11720#_ftn1\"><sup>[13]<\/sup><\/a>&nbsp;Eine Suche nach anderen Personenmerkmalen wie z. B. Beruf, Religion oder Parteizugeh\u00f6rigkeit sowie nach Verfolgtenschicksalen wie bspw. Deportation, Ermordung oder Emigration ist nach dem derzeitigen Erschlie\u00dfungsstand nur in Ans\u00e4tzen m\u00f6glich; ein betr\u00e4chtlicher Erschlie\u00dfungsaufwand wird daher noch vonn\u00f6ten sein, um Wiedergutmachungsakten f\u00fcr Angeh\u00f6rige ebenso wie Forschende noch besser zug\u00e4nglich zu machen.<a href=\"applewebdata:\/\/9CF177E1-FBBD-4301-B557-749FC6A11720#_ftn2\"><sup>[14]<\/sup><\/a>&nbsp;Allerdings wurden ab den 1990er Jahren sowohl im Bundesarchiv als auch den Staatsarchiven der (ehemals) westdeutschen Bundesl\u00e4nder einheitliche, arbeits\u00f6konomische Erschlie\u00dfungsgrunds\u00e4tze erarbeitet sowie speziell auf Wiedergutmachungsakten abgestimmte Benutzungsfragen gekl\u00e4rt.<a href=\"applewebdata:\/\/9CF177E1-FBBD-4301-B557-749FC6A11720#_ftn3\"><sup>[15]<\/sup><\/a>&nbsp;So erfolgte im Jahr 1998 die Gr\u00fcndung der Archivreferentenkonferenz-AG (ARK-AG) \u201eWiedergutmachung\u201c unter Beteiligung des Bundesarchives sowie der Staats- bzw. Landesarchive von Baden-W\u00fcrttemberg, Bayern, Berlin, Bremen, Hamburg, Hessen, Niedersachsen, Nordrhein-Westfalen und Rheinland-Pfalz, die 2010 ihren Abschlussbericht<a href=\"applewebdata:\/\/9CF177E1-FBBD-4301-B557-749FC6A11720#_ftn4\"><sup>[16]<\/sup><\/a>&nbsp;als Sachstandsdokumentation zur Wiedergutmachungs\u00fcberlieferung in Westdeutschland ver\u00f6ffentlichte.<a href=\"applewebdata:\/\/9CF177E1-FBBD-4301-B557-749FC6A11720#_ftn5\"><sup>[17]<\/sup><\/a>&nbsp;Im Januar 2021 stellte das Bundesministerium f\u00fcr Finanzen (BMF) sein vom Bundesarchiv koordiniertes, digitales Archivierungsprojekt der \u201eWiedergutmachung\u201c vor, das eine \u00f6ffentliche Zug\u00e4nglichmachung des damit verkn\u00fcpften Dokumentenerbes \u00fcber ein digitales Themenportal zum Ziel hat und einen Beitrag leisten soll, um \u201eder Verdrehung der Fakten und der Trivialisierung des Holocaust entgegenzutreten\u201c,<a href=\"applewebdata:\/\/9CF177E1-FBBD-4301-B557-749FC6A11720#_ftn6\"><sup>[18]<\/sup><\/a>&nbsp;was das BMF als die Zukunftsaufgabe der \u201eWiedergutmachung\u201c versteht. Das entsprechende Portal wurde bereits 2022 gelauncht, die digitale Erschlie\u00dfung der Akten ist weiterhin laufend und wird f\u00fcr die kommenden Jahre erwartet.<a href=\"applewebdata:\/\/9CF177E1-FBBD-4301-B557-749FC6A11720#_ftn7\"><sup>[19]<\/sup><\/a>&nbsp;Das Ansinnen des Projekts entspringt laut Angaben des BMF dem Grundgedanken, eine Zeit des Umbruchs zu gestalten. Konkret wird darunter der generationelle Wandel gefasst, in dessen Konsequenz auch mit dem allm\u00e4hlichen Auslaufen der aktiven Wiedergutmachungszahlungen zu rechnen sein wird.<a href=\"applewebdata:\/\/9CF177E1-FBBD-4301-B557-749FC6A11720#_ftn8\"><sup>[20]<\/sup><\/a>&nbsp;Im Sinne einer Ausdeutung der \u201eWiedergutmachung\u201c als \u201eimmerw\u00e4hrendes Bem\u00fchen\u201c<a href=\"applewebdata:\/\/9CF177E1-FBBD-4301-B557-749FC6A11720#_ftn9\"><sup>[21]<\/sup><\/a>&nbsp;m\u00f6chte das Archivierungsprojekt dazu beitragen, die Erinnerung an das NS-Unrecht auch f\u00fcr zuk\u00fcnftige Generationen zu bewahren, \u201ezuk\u00fcnftige Wiedergutmachung soll insofern vor allem ein Dialogangebot sein\u201c<a href=\"applewebdata:\/\/9CF177E1-FBBD-4301-B557-749FC6A11720#_ftn10\"><sup>[22]<\/sup><\/a>. Digitale Angebote zur Gattung der Wiedergutmachungsakten sowie zu deren m\u00f6glichen Nutzung \u2013 so bspw. einen Rechercheratgeber zur \u201eWiedergutmachung\u201c nationalsozialistischen Unrechts \u2013 bietet auch das Landesarchiv Baden-W\u00fcrttemberg.<a href=\"applewebdata:\/\/9CF177E1-FBBD-4301-B557-749FC6A11720#_ftn11\"><sup>[23]<\/sup><\/a>&nbsp;In Rheinland-Pfalz besch\u00e4ftigt sich u. a. die Universit\u00e4t Trier mit dem Thema der \u201eWiedergutmachung\u201c und deren historischen \u00dcberlieferung.<a href=\"applewebdata:\/\/9CF177E1-FBBD-4301-B557-749FC6A11720#_ftn12\"><sup>[24]<\/sup><\/a><\/p>\n<\/div>\n<\/div>\n\n\n\n<div style=\"height:10px\" aria-hidden=\"true\" class=\"wp-block-spacer\"><\/div>\n\n\n\n<hr class=\"wp-block-separator has-text-color has-custom-color-2-color has-alpha-channel-opacity has-custom-color-2-background-color has-background\"\/>\n\n\n\n<div style=\"height:10px\" aria-hidden=\"true\" class=\"wp-block-spacer\"><\/div>\n\n\n\n<p class=\"has-small-font-size\"><a href=\"applewebdata:\/\/AF791993-C697-40DD-8F30-3B87CBE90C40#_ftnref1\"><sup>[1]<\/sup><\/a>&nbsp;Vgl. ebd.; Eichler, Entsch\u00e4digungsakten, S. 221.<\/p>\n\n\n\n<p class=\"has-small-font-size\"><a href=\"applewebdata:\/\/AF791993-C697-40DD-8F30-3B87CBE90C40#_ftnref2\"><sup>[2]<\/sup><\/a>&nbsp;Siehe Eichler, Entsch\u00e4digungsakten, S. 221.<\/p>\n\n\n\n<p class=\"has-small-font-size\"><a href=\"applewebdata:\/\/AF791993-C697-40DD-8F30-3B87CBE90C40#_ftnref3\"><sup>[3]<\/sup><\/a>&nbsp;Vgl. ebd., S. 222.<\/p>\n\n\n\n<p class=\"has-small-font-size\"><a href=\"applewebdata:\/\/AF791993-C697-40DD-8F30-3B87CBE90C40#_ftnref4\"><sup>[4]<\/sup><\/a>&nbsp;Hierzu ebd.<\/p>\n\n\n\n<p class=\"has-small-font-size\"><a href=\"applewebdata:\/\/4670C4AE-FE0A-40F8-8A5A-20D9F527A6EA#_ftnref1\"><sup>[5]<\/sup><\/a>&nbsp;Siehe ebd.; Grau, Quelle; Emily L\u00f6ffler\/Ilse von zur M\u00fchlen, Wiedergutmachungsakten als Quellen f\u00fcr die Provenienzforschung \u2013 Erfahrungen und Perspektiven, o. D., S. 1\u201310, hier S. 1; Ziwes, Entsch\u00e4digungsakten.<\/p>\n\n\n\n<p class=\"has-small-font-size\"><a href=\"applewebdata:\/\/4670C4AE-FE0A-40F8-8A5A-20D9F527A6EA#_ftnref2\"><sup>[6]<\/sup><\/a>&nbsp;Vgl. ebd.<\/p>\n\n\n\n<p class=\"has-small-font-size\"><a href=\"applewebdata:\/\/B059AA69-6150-41FC-BBA8-D9637BAE7687#_ftnref1\"><sup>[7]<\/sup><\/a>&nbsp;Hierzu Eichler, Entsch\u00e4digungsakten, S. 223; Ziwes, Entsch\u00e4digungsakten.<\/p>\n\n\n\n<p class=\"has-small-font-size\"><a href=\"applewebdata:\/\/B059AA69-6150-41FC-BBA8-D9637BAE7687#_ftnref2\"><sup>[8]<\/sup><\/a>&nbsp;Vgl. ebd.<\/p>\n\n\n\n<p class=\"has-small-font-size\"><a href=\"applewebdata:\/\/FAD87739-46A4-4C9C-86FB-07E831EB555E#_ftnref1\"><sup>[9]<\/sup><\/a>&nbsp;Siehe Eichler, Entsch\u00e4digungsakten, S. 224; Grau, Quelle.<\/p>\n\n\n\n<p class=\"has-small-font-size\"><a href=\"applewebdata:\/\/FAD87739-46A4-4C9C-86FB-07E831EB555E#_ftnref2\"><sup>[10]<\/sup><\/a>&nbsp;Vgl. ebd. Regionale Studien liegen mittlerweile u. a. f\u00fcr Bremen, Schleswig-Holstein, Bayern und die St\u00e4dte Berlin, Hannover und Hamm vor, siehe Grumblies, R\u00fcckerstattung; Heiko Scharffenberg, Sieg der Sparsamkeit: Die Wiedergutmachung nationalsozialistischen Unrechts in Schleswig-Holstein, M\u00fcnster 2004; Schmidt, Entsch\u00e4digung; Katharina van Bebber, Wiedergutgemacht? Die Entsch\u00e4digung f\u00fcr Opfer der nationalsozialistischen Verfolgung nach dem Bundeserg\u00e4nzungsgesetz durch die Entsch\u00e4digungsgerichte im OLG-Bezirk Hamm, Berlin 2001; Winstel, Verhandelte Gerechtigkeit; Susanne zur Nieden, Unw\u00fcrdige Opfer. Die Aberkennung von NS-Verfolgten in Berlin 1945 bis 1949, Berlin 2003. Eine regionalspezifische Untersuchung f\u00fcr das Gebiet des heutigen Rheinland-Pfalz oder konkrete Regionen davon steht aktuell noch aus.<\/p>\n\n\n\n<p class=\"has-small-font-size\"><a href=\"applewebdata:\/\/FAD87739-46A4-4C9C-86FB-07E831EB555E#_ftnref3\"><sup>[11]<\/sup><\/a>&nbsp;Vgl. Eichler, Entsch\u00e4digungsakten, S. 223.<\/p>\n\n\n\n<p class=\"has-small-font-size\"><a href=\"applewebdata:\/\/FAD87739-46A4-4C9C-86FB-07E831EB555E#_ftnref4\"><sup>[12]<\/sup><\/a>&nbsp;Siehe ebd., S. 226.<\/p>\n\n\n\n<p class=\"has-small-font-size\"><a href=\"applewebdata:\/\/9CF177E1-FBBD-4301-B557-749FC6A11720#_ftnref1\"><sup>[13]<\/sup><\/a>&nbsp;Vgl. ebd., S. 227\u2013228.<\/p>\n\n\n\n<p class=\"has-small-font-size\"><a href=\"applewebdata:\/\/9CF177E1-FBBD-4301-B557-749FC6A11720#_ftnref2\"><sup>[14]<\/sup><\/a>&nbsp;Hierzu ebd.<\/p>\n\n\n\n<p class=\"has-small-font-size\"><a href=\"applewebdata:\/\/9CF177E1-FBBD-4301-B557-749FC6A11720#_ftnref3\"><sup>[15]<\/sup><\/a>&nbsp;Siehe Christoph Schmidt, Empfehlungen der ARK-Bund-L\u00e4nder-Arbeitsgruppe \u201eWiedergutmachung\u201c, in: Archivar 63, 2010, S. 316\u2013318.<\/p>\n\n\n\n<p class=\"has-small-font-size\"><a href=\"applewebdata:\/\/9CF177E1-FBBD-4301-B557-749FC6A11720#_ftnref4\"><sup>[16]<\/sup><\/a>&nbsp;ARK-Bund-L\u00e4nder-Arbeitsgruppe \u201eWiedergutmachung\u201c, Abschlussbericht der ARK-Bund-L\u00e4nder-Arbeitsgruppe \u201eWiedergutmachung\u201c, D\u00fcsseldorf 2009, URL: https:\/\/www.bundesarchiv.de\/DE\/Content\/Downloads\/KLA\/wiedergutmachung-abschlussbericht.pdf?__blob=publicationFile [14.05.2024].<\/p>\n\n\n\n<p class=\"has-small-font-size\"><a href=\"applewebdata:\/\/9CF177E1-FBBD-4301-B557-749FC6A11720#_ftnref5\"><sup>[17]<\/sup><\/a>&nbsp;Vgl. ebd.<\/p>\n\n\n\n<p class=\"has-small-font-size\"><a href=\"applewebdata:\/\/9CF177E1-FBBD-4301-B557-749FC6A11720#_ftnref6\"><sup>[18]<\/sup><\/a>&nbsp;Vgl. Das Archivierungsprojekt der Wiedergutmachung und seine Bedeutung im Kampf gegen den Antisemitismus, Monatsbericht des Bundesministeriums f\u00fcr Finanzen (Januar 2021), URL:&nbsp;https:\/\/www.bundesfinanzministerium.de\/Monatsberichte\/2021\/01\/Inhalte\/Kapitel-3-Analysen\/3-7-archivierungsprojekt-wiedergutmachung.html&nbsp;&nbsp;[21.06.2024], S. 76\u201377.<\/p>\n\n\n\n<p class=\"has-small-font-size\"><a href=\"applewebdata:\/\/9CF177E1-FBBD-4301-B557-749FC6A11720#_ftnref7\"><sup>[19]<\/sup><\/a>&nbsp;Siehe&nbsp;<a href=\"https:\/\/www.archivportal-d.de\/themenportale\/wiedergutmachung\">https:\/\/www.archivportal-d.de\/themenportale\/wiedergutmachung<\/a>&nbsp;[21.06.2024]; https:\/\/www.bundesarchiv.de\/DE\/Content\/Artikel\/Ueber-uns\/Aus-unserer-Arbeit\/themenportal-wgm.html [22.06.2024].<\/p>\n\n\n\n<p class=\"has-small-font-size\"><a href=\"applewebdata:\/\/9CF177E1-FBBD-4301-B557-749FC6A11720#_ftnref8\"><sup>[20]<\/sup><\/a>&nbsp;In Rheinland-Pfalz etwa werden derzeit noch ca. 2000 aktive Antr\u00e4ge von Landesamt f\u00fcr Finanzen betreut (Stand Juni 2024).<\/p>\n\n\n\n<p class=\"has-small-font-size\"><a href=\"applewebdata:\/\/9CF177E1-FBBD-4301-B557-749FC6A11720#_ftnref9\"><sup>[21]<\/sup><\/a>&nbsp;Vgl. Das Archivierungsprojekt, Monatsbericht, S. 78.<\/p>\n\n\n\n<p class=\"has-small-font-size\"><a href=\"applewebdata:\/\/9CF177E1-FBBD-4301-B557-749FC6A11720#_ftnref10\"><sup>[22]<\/sup><\/a>&nbsp;Hierzu ebd.<\/p>\n\n\n\n<p class=\"has-small-font-size\"><a href=\"applewebdata:\/\/9CF177E1-FBBD-4301-B557-749FC6A11720#_ftnref11\"><sup>[23]<\/sup><\/a>&nbsp;Siehe https:\/\/www.leo-bw.de\/themenmodul\/sudwestdeutsche-archivalienkunde\/archivaliengattungen\/akten\/inhaltliche-unterscheidung\/entschadigungs-und-wiedergutmachungsakten [22.06.2024]; siehe auch https:\/\/www.leo-bw.de\/themenmodul\/sudwestdeutsche-archivalienkunde\/archivaliengattungen\/akten\/inhaltliche-unterscheidung\/entschadigungs-und-wiedergutmachungsakten [22.06.2024].<\/p>\n\n\n\n<p class=\"has-small-font-size\"><a href=\"applewebdata:\/\/9CF177E1-FBBD-4301-B557-749FC6A11720#_ftnref12\"><sup>[24]<\/sup><\/a>&nbsp;Vgl.&nbsp;<a href=\"https:\/\/www.forschungsstelle-seal.de\/projekte\/wiedergutmachung\/\">https:\/\/www.forschungsstelle-seal.de\/projekte\/wiedergutmachung\/<\/a>&nbsp;[22.06.2024].<\/p>\n\n\n\n<div style=\"height:10px\" aria-hidden=\"true\" class=\"wp-block-spacer\"><\/div>\n\n\n\n<hr class=\"wp-block-separator has-text-color has-custom-color-2-color has-alpha-channel-opacity has-custom-color-2-background-color has-background\"\/>\n\n\n\n<div style=\"height:10px\" aria-hidden=\"true\" class=\"wp-block-spacer\"><\/div>\n\n\n\n<p class=\"has-text-align-left has-small-font-size\">Weiternutzung als OER ausdr\u00fccklich erlaubt, nicht zu kommerziellen Zwecken: Dieses Werk und dessen Inhalte sind \u2013 sofern nicht anders angegeben \u2013 lizenziert unter&nbsp;<a href=\"https:\/\/creativecommons.org\/licenses\/by-sa\/4.0\/deed.de\" target=\"_blank\" rel=\"noreferrer noopener\">CC BY-SA 4.0<\/a>. Nennung gem\u00e4\u00df&nbsp;<a href=\"https:\/\/open-educational-resources.de\/oer-tullu-regel\/\">TULLU-Regel<\/a>&nbsp;bitte wie folgt: Katharina Buchholz, Felix Maskow: \u201e<em>Wiedergutmachung<\/em>&nbsp;\u2013&nbsp;Schlaglichter auf fachlich-didaktische Erkenntnispotentiale eines innovativen Themas\u201c. Die Lizenz gilt nicht f\u00fcr die verwendeten Bilder und Zitate. Sofern nicht anders angegeben, sind diese urheberrechtlich gesch\u00fctzt.<\/p>\n\n\n\n<figure class=\"wp-block-image aligncenter size-full is-resized wp-duotone-unset-7\"><img loading=\"lazy\" decoding=\"async\" width=\"403\" height=\"141\" src=\"https:\/\/www.oer-landesgeschichte-rlp.de\/wp-content\/uploads\/2025\/03\/by-nc-sa.png\" alt=\"\" class=\"wp-image-1236\" style=\"width:150px\" srcset=\"https:\/\/www.oer-landesgeschichte-rlp.de\/wp-content\/uploads\/2025\/03\/by-nc-sa.png 403w, https:\/\/www.oer-landesgeschichte-rlp.de\/wp-content\/uploads\/2025\/03\/by-nc-sa-300x105.png 300w\" sizes=\"auto, (max-width: 403px) 100vw, 403px\" \/><\/figure>\n\n\n\n<p><\/p>\n","protected":false},"excerpt":{"rendered":"<p>\u201eEntsch\u00e4digungsakten geben Einblicke in die Verfolgungssituation einzelner Personen&nbsp;[\u2026]&nbsp;w\u00e4hrend der nationalsozialistischen Gewaltherrschaft und stellen einen wertvollen Ersatz f\u00fcr die weitgehend verlorenen unmittelbaren Quellen zu den Verfolgungsma\u00dfnahmen der NS-Institutionen dar.\u201c zit. n.&nbsp;Franz-Josef Ziwes, Entsch\u00e4digungsakten\/Wiedergutmachungsakten, in: S\u00fcdwestdeutsche Archivalienkunde via www.leo-bw.de, Stand: 23. Mai 2017 Wiedergutmachungs\u00fcberlieferungen Als Wiedergutmachungs- bzw. Entsch\u00e4digungsakten bezeichnet man dasjenige Aktengut, welches im Rahmen der Durchf\u00fchrung [&hellip;]<\/p>\n","protected":false},"author":2,"featured_media":0,"parent":0,"menu_order":0,"comment_status":"closed","ping_status":"closed","template":"","meta":{"footnotes":""},"class_list":["post-202","page","type-page","status-publish","hentry"],"_links":{"self":[{"href":"https:\/\/www.oer-landesgeschichte-rlp.de\/index.php\/wp-json\/wp\/v2\/pages\/202","targetHints":{"allow":["GET"]}}],"collection":[{"href":"https:\/\/www.oer-landesgeschichte-rlp.de\/index.php\/wp-json\/wp\/v2\/pages"}],"about":[{"href":"https:\/\/www.oer-landesgeschichte-rlp.de\/index.php\/wp-json\/wp\/v2\/types\/page"}],"author":[{"embeddable":true,"href":"https:\/\/www.oer-landesgeschichte-rlp.de\/index.php\/wp-json\/wp\/v2\/users\/2"}],"replies":[{"embeddable":true,"href":"https:\/\/www.oer-landesgeschichte-rlp.de\/index.php\/wp-json\/wp\/v2\/comments?post=202"}],"version-history":[{"count":38,"href":"https:\/\/www.oer-landesgeschichte-rlp.de\/index.php\/wp-json\/wp\/v2\/pages\/202\/revisions"}],"predecessor-version":[{"id":2003,"href":"https:\/\/www.oer-landesgeschichte-rlp.de\/index.php\/wp-json\/wp\/v2\/pages\/202\/revisions\/2003"}],"wp:attachment":[{"href":"https:\/\/www.oer-landesgeschichte-rlp.de\/index.php\/wp-json\/wp\/v2\/media?parent=202"}],"curies":[{"name":"wp","href":"https:\/\/api.w.org\/{rel}","templated":true}]}}