{"id":798,"date":"2024-07-23T09:07:21","date_gmt":"2024-07-23T07:07:21","guid":{"rendered":"https:\/\/www.oer-landesgeschichte-rlp.de\/?page_id=798"},"modified":"2025-06-30T14:31:37","modified_gmt":"2025-06-30T12:31:37","slug":"mitmachen","status":"publish","type":"page","link":"https:\/\/www.oer-landesgeschichte-rlp.de\/index.php\/mitmachen\/","title":{"rendered":"Mitmachen!"},"content":{"rendered":"\n<div class=\"wp-block-cover alignfull\"><img loading=\"lazy\" decoding=\"async\" width=\"2560\" height=\"1707\" class=\"wp-block-cover__image-background wp-image-115\" alt=\"\" src=\"https:\/\/www.oer-landesgeschichte-rlp.de\/wp-content\/uploads\/2024\/06\/DSC_0089-scaled.jpg\" style=\"object-position:20% 58%\" data-object-fit=\"cover\" data-object-position=\"20% 58%\" srcset=\"https:\/\/www.oer-landesgeschichte-rlp.de\/wp-content\/uploads\/2024\/06\/DSC_0089-scaled.jpg 2560w, https:\/\/www.oer-landesgeschichte-rlp.de\/wp-content\/uploads\/2024\/06\/DSC_0089-300x200.jpg 300w, https:\/\/www.oer-landesgeschichte-rlp.de\/wp-content\/uploads\/2024\/06\/DSC_0089-1024x683.jpg 1024w, https:\/\/www.oer-landesgeschichte-rlp.de\/wp-content\/uploads\/2024\/06\/DSC_0089-768x512.jpg 768w, https:\/\/www.oer-landesgeschichte-rlp.de\/wp-content\/uploads\/2024\/06\/DSC_0089-1536x1024.jpg 1536w, https:\/\/www.oer-landesgeschichte-rlp.de\/wp-content\/uploads\/2024\/06\/DSC_0089-2048x1365.jpg 2048w\" sizes=\"auto, (max-width: 2560px) 100vw, 2560px\" \/><span aria-hidden=\"true\" class=\"wp-block-cover__background has-background-dim\" style=\"background-color:#7f7f77\"><\/span><div class=\"wp-block-cover__inner-container has-global-padding is-layout-constrained wp-block-cover-is-layout-constrained\">\n<p class=\"has-text-align-center has-large-font-size\"><\/p>\n<\/div><\/div>\n\n\n\n<div style=\"height:100px\" aria-hidden=\"true\" class=\"wp-block-spacer\"><\/div>\n\n\n\n<div class=\"wp-block-columns is-layout-flex wp-container-core-columns-is-layout-28f84493 wp-block-columns-is-layout-flex\">\n<div class=\"wp-block-column is-vertically-aligned-center is-layout-flow wp-block-column-is-layout-flow\" style=\"flex-basis:50%\">\n<h4 class=\"wp-block-heading\"><strong>Wir sind gespannt auf Austausch!<\/strong><\/h4>\n\n\n\n<p class=\"has-medium-font-size\"><strong>Sie<\/strong> haben mit unserem OER-Material gearbeitet oder es f\u00fcr den eigenen Unterrichtseinsatz weiterentwickelt?<br><br><strong>Dich<\/strong> hat unser Material zu eigenen Forschungsarbeiten inspiriert oder du hast Teile des Methodenguides f\u00fcr dich nutzen k\u00f6nnen?<\/p>\n<\/div>\n\n\n\n<div class=\"wp-block-column is-layout-flow wp-block-column-is-layout-flow\" style=\"flex-basis:50%\">\n<figure class=\"wp-block-image size-large wp-duotone-unset-1\"><img loading=\"lazy\" decoding=\"async\" width=\"1024\" height=\"683\" src=\"https:\/\/www.oer-landesgeschichte-rlp.de\/wp-content\/uploads\/2024\/06\/DSC_0034-edited-1024x683.jpg\" alt=\"\" class=\"wp-image-242\" srcset=\"https:\/\/www.oer-landesgeschichte-rlp.de\/wp-content\/uploads\/2024\/06\/DSC_0034-edited-1024x683.jpg 1024w, https:\/\/www.oer-landesgeschichte-rlp.de\/wp-content\/uploads\/2024\/06\/DSC_0034-edited-300x200.jpg 300w, https:\/\/www.oer-landesgeschichte-rlp.de\/wp-content\/uploads\/2024\/06\/DSC_0034-edited-768x512.jpg 768w, https:\/\/www.oer-landesgeschichte-rlp.de\/wp-content\/uploads\/2024\/06\/DSC_0034-edited-1536x1024.jpg 1536w, https:\/\/www.oer-landesgeschichte-rlp.de\/wp-content\/uploads\/2024\/06\/DSC_0034-edited-2048x1366.jpg 2048w\" sizes=\"auto, (max-width: 1024px) 100vw, 1024px\" \/><\/figure>\n<\/div>\n<\/div>\n\n\n\n<div style=\"height:100px\" aria-hidden=\"true\" class=\"wp-block-spacer\"><\/div>\n\n\n\n<div class=\"wp-block-group alignfull has-base-2-background-color has-background has-global-padding is-layout-constrained wp-container-core-group-is-layout-669513ed wp-block-group-is-layout-constrained\" style=\"margin-top:0;margin-bottom:0;padding-top:var(--wp--preset--spacing--50);padding-right:var(--wp--preset--spacing--50);padding-bottom:var(--wp--preset--spacing--50);padding-left:var(--wp--preset--spacing--50)\">\n<div class=\"wp-block-group is-vertical is-content-justification-center is-layout-flex wp-container-core-group-is-layout-52b864f0 wp-block-group-is-layout-flex\">\n<h2 class=\"wp-block-heading has-text-align-center is-style-default\">Das Bildungsportal als Dialogangebot<\/h2>\n\n\n\n<div style=\"height:0px\" aria-hidden=\"true\" class=\"wp-block-spacer wp-container-content-4f2ccadb\"><\/div>\n\n\n\n<p class=\"has-text-align-center\"><\/p>\n<\/div>\n\n\n\n<div style=\"height:12px\" aria-hidden=\"true\" class=\"wp-block-spacer\"><\/div>\n\n\n\n<div class=\"wp-block-columns alignwide is-layout-flex wp-container-core-columns-is-layout-d0bbbce0 wp-block-columns-is-layout-flex\">\n<div class=\"wp-block-column is-layout-flow wp-container-core-column-is-layout-e3d1c41b wp-block-column-is-layout-flow\">\n<h3 class=\"wp-block-heading has-text-align-left is-style-default has-body-font-family has-medium-font-size\" style=\"font-style:normal;font-weight:600\">Inspiration f\u00fcr eigene Unterrichtsprojekte<\/h3>\n\n\n\n<p class=\"has-text-align-left\">Die Ergebnisse von Unterrichtsprojekten zu den Themenschwerpunkten k\u00f6nnen auf vorliegender Website (nach Absprache) ver\u00f6ffentlicht werden. Historischen Projektarbeiten mit forschend-entdeckenden Ans\u00e4tzen soll so auch au\u00dferhalb der Schule Sichtbarkeit verschafft werden.<\/p>\n<\/div>\n\n\n\n<div class=\"wp-block-column is-layout-flow wp-container-core-column-is-layout-e3d1c41b wp-block-column-is-layout-flow\">\n<h3 class=\"wp-block-heading has-text-align-left is-style-default has-body-font-family has-medium-font-size\" style=\"font-style:normal;font-weight:600\">Unterrichtsmaterialien<\/h3>\n\n\n\n<p class=\"has-text-align-left\">Sie sind Lehrkraft und haben mit dem vorliegenden Material gearbeitet oder es ggf. sogar weiterentwickelt? Das Unterrichtsmaterial kann (nach redaktioneller Pr\u00fcfung) auf vorliegender Website ver\u00f6ffentlicht werden.<\/p>\n<\/div>\n\n\n\n<div class=\"wp-block-column is-layout-flow wp-container-core-column-is-layout-e3d1c41b wp-block-column-is-layout-flow\">\n<h3 class=\"wp-block-heading has-text-align-left is-style-default has-body-font-family has-medium-font-size\" style=\"font-style:normal;font-weight:600\">Wettbewerbsbeitr\u00e4ge<\/h3>\n\n\n\n<p class=\"has-text-align-left\">Du bist Sch\u00fclerIn und hast an einem zu den Themenschwerpunkten passenden Thema geforscht? Beitr\u00e4ge von Sch\u00fclerwettbewerben oder auch Facharbeiten und Besonderen Lernleistungen k\u00f6nnen auf dieser Seite (nach redaktioneller Pr\u00fcfung) ver\u00f6ffentlicht werden.<\/p>\n<\/div>\n<\/div>\n\n\n\n<div style=\"height:12px\" aria-hidden=\"true\" class=\"wp-block-spacer\"><\/div>\n\n\n\n<div class=\"wp-block-columns alignwide is-layout-flex wp-container-core-columns-is-layout-d0bbbce0 wp-block-columns-is-layout-flex\">\n<div class=\"wp-block-column is-layout-flow wp-container-core-column-is-layout-e3d1c41b wp-block-column-is-layout-flow\">\n<h3 class=\"wp-block-heading has-text-align-left is-style-default has-body-font-family has-medium-font-size\" style=\"font-style:normal;font-weight:600\">Quellenbest\u00e4nde<\/h3>\n\n\n\n<p class=\"has-text-align-left\">Wir sind dankbar f\u00fcr weiterf\u00fchrende Hinweise zu Quellenbest\u00e4nden in Bezug zu den Themenschwerpunkten. Diese leiten wir in Hinweisform gerne \u00fcber vorliegende Website weiter. Eigens gehobenes Archivmaterial oder Best\u00e4nde aus Privatarchiven k\u00f6nnen (nach redaktioneller und urheberrechtlicher Pr\u00fcfung) auf vorliegender Website ver\u00f6ffentlicht werden.<\/p>\n<\/div>\n\n\n\n<div class=\"wp-block-column is-layout-flow wp-container-core-column-is-layout-e3d1c41b wp-block-column-is-layout-flow\">\n<h3 class=\"wp-block-heading has-text-align-left is-style-default has-body-font-family has-medium-font-size\" style=\"font-style:normal;font-weight:600\">Z(w)eitzeugInnen<\/h3>\n\n\n\n<p class=\"has-text-align-left\">Sie sind Z(w)eitzeugIn und w\u00e4ren bereit, mit uns Interviews in Bezug zu den Themenschwerpunkten des Bildungsportals zu f\u00fchren? Wir freuen uns \u00fcber Kontaktaufnahme.<\/p>\n<\/div>\n\n\n\n<div class=\"wp-block-column is-layout-flow wp-container-core-column-is-layout-e3d1c41b wp-block-column-is-layout-flow\">\n<h3 class=\"wp-block-heading has-text-align-left is-style-default has-body-font-family has-medium-font-size\" style=\"font-style:normal;font-weight:600\">Studentische Mitarbeit<\/h3>\n\n\n\n<p class=\"has-text-align-left\">Sie studieren Geschichte an der JGU Mainz und m\u00f6chten sich an der Weiterentwicklung des Bildungsportals beteiligen? W\u00e4hlen Sie Lehrveranstaltungen, in denen eine Weiterarbeit konkret ausgeschrieben ist, zum Beispiel im &#8222;MakerLab&#8220; oder wenden Sie sich bei R\u00fcckfragen an das Team des Arbeitsbereichs Geschichtsdidaktik.<\/p>\n<\/div>\n<\/div>\n<\/div>\n\n\n\n<div style=\"height:100px\" aria-hidden=\"true\" class=\"wp-block-spacer\"><\/div>\n\n\n\n<p class=\"has-text-align-center has-medium-font-size\">Die digitale Form erm\u00f6glicht es uns, die vorliegenden Materialien weiterzuentwickeln, zu erg\u00e4nzen, zu korrigieren oder zu aktualisieren.<\/p>\n\n\n\n<p class=\"has-text-align-center has-medium-font-size\"><strong>Hierzu freuen wir uns \u00fcber konstruktives Feedback via Mail<\/strong>.<\/p>\n\n\n\n<div class=\"wp-block-buttons is-content-justification-center is-layout-flex wp-container-core-buttons-is-layout-a89b3969 wp-block-buttons-is-layout-flex\">\n<div class=\"wp-block-button\"><a class=\"wp-block-button__link wp-element-button\" href=\"mailto: geschichtsdidaktik@uni-mainz.de\"><strong>Mailkontakt aufnehmen<\/strong><\/a><\/div>\n<\/div>\n\n\n\n<div style=\"height:100px\" aria-hidden=\"true\" class=\"wp-block-spacer\"><\/div>\n\n\n\n<div class=\"wp-block-group alignfull has-base-2-background-color has-background has-global-padding is-layout-constrained wp-container-core-group-is-layout-669513ed wp-block-group-is-layout-constrained\" style=\"margin-top:0;margin-bottom:0;padding-top:var(--wp--preset--spacing--50);padding-right:var(--wp--preset--spacing--50);padding-bottom:var(--wp--preset--spacing--50);padding-left:var(--wp--preset--spacing--50)\">\n<div class=\"wp-block-group is-vertical is-content-justification-center is-layout-flex wp-container-core-group-is-layout-52b864f0 wp-block-group-is-layout-flex\">\n<h2 class=\"wp-block-heading has-text-align-center is-style-default\">Aktuelles<\/h2>\n\n\n\n<div style=\"height:0px\" aria-hidden=\"true\" class=\"wp-block-spacer wp-container-content-4f2ccadb\"><\/div>\n\n\n\n<p class=\"has-text-align-center\"><\/p>\n<\/div>\n\n\n\n<div style=\"height:12px\" aria-hidden=\"true\" class=\"wp-block-spacer\"><\/div>\n\n\n\n<div class=\"wp-block-columns is-layout-flex wp-container-core-columns-is-layout-28f84493 wp-block-columns-is-layout-flex\">\n<div class=\"wp-block-column is-layout-flow wp-block-column-is-layout-flow\">\n<figure class=\"wp-block-image size-large is-resized wp-duotone-unset-2\"><img loading=\"lazy\" decoding=\"async\" width=\"724\" height=\"1024\" src=\"https:\/\/www.oer-landesgeschichte-rlp.de\/wp-content\/uploads\/2025\/03\/Plakatentwurf-Fortbildung_final-724x1024.jpg\" alt=\"\" class=\"wp-image-1640\" style=\"width:533px\" srcset=\"https:\/\/www.oer-landesgeschichte-rlp.de\/wp-content\/uploads\/2025\/03\/Plakatentwurf-Fortbildung_final-724x1024.jpg 724w, https:\/\/www.oer-landesgeschichte-rlp.de\/wp-content\/uploads\/2025\/03\/Plakatentwurf-Fortbildung_final-212x300.jpg 212w, https:\/\/www.oer-landesgeschichte-rlp.de\/wp-content\/uploads\/2025\/03\/Plakatentwurf-Fortbildung_final-768x1086.jpg 768w, https:\/\/www.oer-landesgeschichte-rlp.de\/wp-content\/uploads\/2025\/03\/Plakatentwurf-Fortbildung_final-1086x1536.jpg 1086w, https:\/\/www.oer-landesgeschichte-rlp.de\/wp-content\/uploads\/2025\/03\/Plakatentwurf-Fortbildung_final.jpg 1191w\" sizes=\"auto, (max-width: 724px) 100vw, 724px\" \/><\/figure>\n<\/div>\n\n\n\n<div class=\"wp-block-column is-layout-flow wp-block-column-is-layout-flow\">\n<figure class=\"wp-block-image size-large is-resized wp-duotone-unset-3\"><img loading=\"lazy\" decoding=\"async\" width=\"819\" height=\"1024\" src=\"https:\/\/www.oer-landesgeschichte-rlp.de\/wp-content\/uploads\/2025\/03\/Plakat_MakerLab2-819x1024.png\" alt=\"\" class=\"wp-image-1643\" style=\"width:600px\" srcset=\"https:\/\/www.oer-landesgeschichte-rlp.de\/wp-content\/uploads\/2025\/03\/Plakat_MakerLab2-819x1024.png 819w, https:\/\/www.oer-landesgeschichte-rlp.de\/wp-content\/uploads\/2025\/03\/Plakat_MakerLab2-240x300.png 240w, https:\/\/www.oer-landesgeschichte-rlp.de\/wp-content\/uploads\/2025\/03\/Plakat_MakerLab2-768x960.png 768w, https:\/\/www.oer-landesgeschichte-rlp.de\/wp-content\/uploads\/2025\/03\/Plakat_MakerLab2.png 1080w\" sizes=\"auto, (max-width: 819px) 100vw, 819px\" \/><\/figure>\n<\/div>\n<\/div>\n\n\n\n<div style=\"height:11px\" aria-hidden=\"true\" class=\"wp-block-spacer\"><\/div>\n\n\n\n<figure class=\"wp-block-image alignwide size-large wp-duotone-unset-4\"><img loading=\"lazy\" decoding=\"async\" width=\"723\" height=\"1024\" src=\"https:\/\/www.oer-landesgeschichte-rlp.de\/wp-content\/uploads\/2025\/06\/Flyer-OER-723x1024.png\" alt=\"\" class=\"wp-image-1942\" srcset=\"https:\/\/www.oer-landesgeschichte-rlp.de\/wp-content\/uploads\/2025\/06\/Flyer-OER-723x1024.png 723w, https:\/\/www.oer-landesgeschichte-rlp.de\/wp-content\/uploads\/2025\/06\/Flyer-OER-212x300.png 212w, https:\/\/www.oer-landesgeschichte-rlp.de\/wp-content\/uploads\/2025\/06\/Flyer-OER-768x1088.png 768w, https:\/\/www.oer-landesgeschichte-rlp.de\/wp-content\/uploads\/2025\/06\/Flyer-OER-1084x1536.png 1084w, https:\/\/www.oer-landesgeschichte-rlp.de\/wp-content\/uploads\/2025\/06\/Flyer-OER.png 1218w\" sizes=\"auto, (max-width: 723px) 100vw, 723px\" \/><figcaption class=\"wp-element-caption\">Unser Flyer zum Projekt im \u00dcberblick, anbei auch zum Download<\/figcaption><\/figure>\n\n\n\n<div class=\"wp-block-file\"><a id=\"wp-block-file--media-ecc956f0-7fab-4cde-a3d2-259a22e52cea\" href=\"https:\/\/www.oer-landesgeschichte-rlp.de\/wp-content\/uploads\/2025\/06\/Flyer-OER-1.png\">Flyer zum Download<\/a><a href=\"https:\/\/www.oer-landesgeschichte-rlp.de\/wp-content\/uploads\/2025\/06\/Flyer-OER-1.png\" class=\"wp-block-file__button wp-element-button\" download aria-describedby=\"wp-block-file--media-ecc956f0-7fab-4cde-a3d2-259a22e52cea\">Herunterladen<\/a><\/div>\n<\/div>\n\n\n\n<p><\/p>\n","protected":false},"excerpt":{"rendered":"<p>Wir sind gespannt auf Austausch! Sie haben mit unserem OER-Material gearbeitet oder es f\u00fcr den eigenen Unterrichtseinsatz weiterentwickelt? Dich hat unser Material zu eigenen Forschungsarbeiten inspiriert oder du hast Teile des Methodenguides f\u00fcr dich nutzen k\u00f6nnen? Das Bildungsportal als Dialogangebot Inspiration f\u00fcr eigene Unterrichtsprojekte Die Ergebnisse von Unterrichtsprojekten zu den Themenschwerpunkten k\u00f6nnen auf vorliegender Website [&hellip;]<\/p>\n","protected":false},"author":2,"featured_media":0,"parent":0,"menu_order":0,"comment_status":"closed","ping_status":"closed","template":"","meta":{"footnotes":""},"class_list":["post-798","page","type-page","status-publish","hentry"],"_links":{"self":[{"href":"https:\/\/www.oer-landesgeschichte-rlp.de\/index.php\/wp-json\/wp\/v2\/pages\/798","targetHints":{"allow":["GET"]}}],"collection":[{"href":"https:\/\/www.oer-landesgeschichte-rlp.de\/index.php\/wp-json\/wp\/v2\/pages"}],"about":[{"href":"https:\/\/www.oer-landesgeschichte-rlp.de\/index.php\/wp-json\/wp\/v2\/types\/page"}],"author":[{"embeddable":true,"href":"https:\/\/www.oer-landesgeschichte-rlp.de\/index.php\/wp-json\/wp\/v2\/users\/2"}],"replies":[{"embeddable":true,"href":"https:\/\/www.oer-landesgeschichte-rlp.de\/index.php\/wp-json\/wp\/v2\/comments?post=798"}],"version-history":[{"count":51,"href":"https:\/\/www.oer-landesgeschichte-rlp.de\/index.php\/wp-json\/wp\/v2\/pages\/798\/revisions"}],"predecessor-version":[{"id":1944,"href":"https:\/\/www.oer-landesgeschichte-rlp.de\/index.php\/wp-json\/wp\/v2\/pages\/798\/revisions\/1944"}],"wp:attachment":[{"href":"https:\/\/www.oer-landesgeschichte-rlp.de\/index.php\/wp-json\/wp\/v2\/media?parent=798"}],"curies":[{"name":"wp","href":"https:\/\/api.w.org\/{rel}","templated":true}]}}